{"id":484,"date":"2023-10-17T16:32:33","date_gmt":"2023-10-17T16:32:33","guid":{"rendered":"https:\/\/digesco.com\/?page_id=484"},"modified":"2023-12-02T09:50:00","modified_gmt":"2023-12-02T09:50:00","slug":"declaracion-de-accesibilidad","status":"publish","type":"page","link":"https:\/\/digesco.com\/es\/declaracion-de-accesibilidad\/","title":{"rendered":"Declaraci\u00f3n de accesibilidad"},"content":{"rendered":"<div data-elementor-type=\"wp-page\" data-elementor-id=\"484\" class=\"elementor elementor-484\" data-elementor-post-type=\"page\">\n\t\t\t\t\t\t<section class=\"elementor-section elementor-top-section elementor-element elementor-element-1e81ad17 elementor-section-boxed elementor-section-height-default elementor-section-height-default\" data-id=\"1e81ad17\" data-element_type=\"section\" data-e-type=\"section\" data-settings=\"{&quot;background_background&quot;:&quot;classic&quot;}\">\n\t\t\t\t\t\t\t<div class=\"elementor-background-overlay\"><\/div>\n\t\t\t\t\t\t\t<div class=\"elementor-container elementor-column-gap-default\">\n\t\t\t\t\t<div class=\"elementor-column elementor-col-100 elementor-top-column elementor-element elementor-element-16b8710e\" data-id=\"16b8710e\" data-element_type=\"column\" data-e-type=\"column\">\n\t\t\t<div class=\"elementor-widget-wrap elementor-element-populated\">\n\t\t\t\t\t\t<div class=\"elementor-element elementor-element-528030a8 elementor-invisible elementor-widget elementor-widget-heading\" data-id=\"528030a8\" data-element_type=\"widget\" data-e-type=\"widget\" data-settings=\"{&quot;_animation&quot;:&quot;fadeInUp&quot;}\" data-widget_type=\"heading.default\">\n\t\t\t\t<div class=\"elementor-widget-container\">\n\t\t\t\t\t<h1 class=\"elementor-heading-title elementor-size-default\">Declaraci\u00f3n de accesibilidad<\/h1>\t\t\t\t<\/div>\n\t\t\t\t<\/div>\n\t\t\t\t\t<\/div>\n\t\t<\/div>\n\t\t\t\t\t<\/div>\n\t\t<\/section>\n\t\t\t\t<section class=\"elementor-section elementor-top-section elementor-element elementor-element-5eb36b22 elementor-section-boxed elementor-section-height-default elementor-section-height-default\" data-id=\"5eb36b22\" data-element_type=\"section\" data-e-type=\"section\">\n\t\t\t\t\t\t<div class=\"elementor-container elementor-column-gap-default\">\n\t\t\t\t\t<div class=\"elementor-column elementor-col-100 elementor-top-column elementor-element elementor-element-20b07713\" data-id=\"20b07713\" data-element_type=\"column\" data-e-type=\"column\">\n\t\t\t<div class=\"elementor-widget-wrap elementor-element-populated\">\n\t\t\t\t\t\t<div class=\"elementor-element elementor-element-2acd935 elementor-widget elementor-widget-text-editor\" data-id=\"2acd935\" data-element_type=\"widget\" data-e-type=\"widget\" data-widget_type=\"text-editor.default\">\n\t\t\t\t<div class=\"elementor-widget-container\">\n\t\t\t\t\t\t\t\t\t<p>Gesti\u00f3 i Control de Obras SL se ha comprometido a hacer accesible su sitio web, de acuerdo con el Real Decreto 1112\/2018, de 7 de septiembre, sobre accesibilidad de los sitios web y aplicaciones para dispositivos m\u00f3viles del sector p\u00fablico.<\/p><p>La presente declaraci\u00f3n de accesibilidad se aplica en el sitio web https:\/\/digesco.com<\/p><p>Situaci\u00f3n de cumplimiento<\/p><p>Este sitio web est\u00e1 desarrollado de acuerdo con el RD 1112\/2018<\/p><p>Preparaci\u00f3n para la siguiente declaraci\u00f3n de accesibilidad<\/p><p>La presente declaraci\u00f3n fue preparada el 2 de enero de 2023<\/p><p>El m\u00e9todo empleado para preparar la declaraci\u00f3n ha sido una autoevaluaci\u00f3n.<\/p><p>Observaciones y datos de contacto<\/p><p>Puede realizar comunicaciones sobre requisitos de accesibilidad (art\u00edculo 10.2.a del RD 1112\/2018) como, por ejemplo:<\/p><p>Informar sobre cualquier posible incumplimiento por parte de este sitio web<br \/>Transmitir otras dificultades de acceso al contenido<br \/>Formular cualquier otra consulta o sugerencia de mejora relativa a la accesibilidad del sitio web<\/p><p>a trav\u00e9s del formulario de contacto de este sitio web oa trav\u00e9s del n\u00famero de tel\u00e9fono 657 819 823.<\/p><p>Puede presentar:<\/p><p>Reclamaci\u00f3n relativa al cumplimiento de los requisitos del RD 1112\/2018 o<br \/>Solicitud de informaci\u00f3n accesible relativa a:<br \/>Contenidos que est\u00e1n excluidos del \u00e1mbito de aplicaci\u00f3n del RD 1112\/2018 seg\u00fan lo establecido por el art\u00edculo 3, apartado 4<br \/>Contenidos que est\u00e1n exentos del cumplimiento de los requisitos de accesibilidad para imponer una carga desproporcionada<\/p><p>En la Solicitud de informaci\u00f3n accesible, debe concretarse, con toda claridad, los hechos, razones y petici\u00f3n que permitan constatar que se trata de una solicitud razonable y leg\u00edtima.<\/p><p>Las quejas y reclamaciones sobre informaci\u00f3n accesible se realizar\u00e1n a trav\u00e9s de la sede electr\u00f3nica (https:\/\/sede.red.gob.es\/procedimientos\/quejas-y-sugerencias), y ser\u00e1n recibidas y tratadas por el \u00e1rea de Sistemas de la Informaci\u00f3n de Red.es.<\/p><p>Contenido opcional<\/p><p>Si desea cambiar el tama\u00f1o de la letra del texto en los principales navegadores gr\u00e1ficos, utilice los siguientes men\u00fas:<\/p><p>Internet Explorer, Mozilla y Firefox: Ver &gt; Tama\u00f1o del texto<br \/>Opera: Ver &gt; Zoom<br \/>Safari: Ver &gt; Hacer el texto m\u00e1s grande<br \/>Chrome: Controla la p\u00e1gina actual &gt; Tama\u00f1o del texto<br \/>Para modificar el tama\u00f1o de todo en la p\u00e1gina:<br \/>Ctrl++ para aumentarlo<br \/>Ctrl + \u2013 para disminuirlo<br \/>Ctrl + 0 restaura el tama\u00f1o original del texto<br \/>Si lo que quiere es anular la hoja de estilos o modificar el color del texto, puede consultar la p\u00e1gina How to Change Text Size o Colores de la WAI, que se puede leer traducida al espa\u00f1ol en \u00bfC\u00f3mo cambiar el tama\u00f1o del texto o colores?<\/p>\t\t\t\t\t\t\t\t<\/div>\n\t\t\t\t<\/div>\n\t\t\t\t\t<\/div>\n\t\t<\/div>\n\t\t\t\t\t<\/div>\n\t\t<\/section>\n\t\t\t\t<\/div>","protected":false},"excerpt":{"rendered":"<p>Gesti\u00f3 i Control de Obras SL se ha comprometido a hacer accesible su sitio web, de acuerdo con el Real Decreto 1112\/2018, de 7 de septiembre, sobre accesibilidad de los sitios web y aplicaciones para dispositivos m\u00f3viles del sector p\u00fablico. La presente declaraci\u00f3n de accesibilidad se aplica al sitio web https:\/\/digesco.com Situaci\u00f3n de cumplimiento Este sitio web est\u00e1 desarrollado de acuerdo\u2026&nbsp;<a href=\"https:\/\/digesco.com\/es\/declaracion-de-accesibilidad\/\" rel=\"bookmark\"><span class=\"screen-reader-text\">Declaraci\u00f3n de accesibilidad<\/span><\/a><\/p>","protected":false},"author":2,"featured_media":0,"parent":0,"menu_order":0,"comment_status":"closed","ping_status":"closed","template":"page-templates\/template-pagebuilder-full-width.php","meta":{"neve_meta_sidebar":"","neve_meta_container":"","neve_meta_enable_content_width":"off","neve_meta_content_width":100,"neve_meta_title_alignment":"","neve_meta_author_avatar":"","neve_post_elements_order":"","neve_meta_disable_header":"","neve_meta_disable_footer":"","neve_meta_disable_title":"","_joinchat":[],"footnotes":""},"class_list":["post-484","page","type-page","status-publish","hentry"],"yoast_head":"<!-- This site is optimized with the Yoast SEO plugin v26.9 - https:\/\/yoast.com\/product\/yoast-seo-wordpress\/ -->\n<title>Declaraci\u00f3n de accesibilidad - Digesco | Empresa de Reformas<\/title>\n<meta name=\"robots\" content=\"index, follow, max-snippet:-1, max-image-preview:large, max-video-preview:-1\" \/>\n<link rel=\"canonical\" href=\"https:\/\/digesco.com\/es\/declaracion-de-accesibilidad\/\" \/>\n<meta property=\"og:locale\" content=\"es_ES\" \/>\n<meta property=\"og:type\" content=\"article\" \/>\n<meta property=\"og:title\" content=\"Declaraci\u00f3n de accesibilidad - Digesco | Empresa de Reformas\" \/>\n<meta property=\"og:description\" content=\"Gesti\u00f3 i Control d&#8217;Obres S.L s&#8217;ha comprom\u00e8s a fer accessible el seu lloc web, d&#8217;acord amb el Reial Decret 1112\/2018, de 7 de setembre, sobre accessibilitat dels llocs web i aplicacions per a dispositius m\u00f2bils del sector p\u00fablic. La present declaraci\u00f3 d&#8217;accessibilitat s&#8217;aplica al lloc web\u00a0https:\/\/digesco.com Situaci\u00f3 de compliment Aquest lloc web est\u00e0 desenvolupat d&#8217;acord&hellip;&nbsp;Declaraci\u00f3n de accesibilidad\" \/>\n<meta property=\"og:url\" content=\"https:\/\/digesco.com\/es\/declaracion-de-accesibilidad\/\" \/>\n<meta property=\"og:site_name\" content=\"Digesco | Empresa de Reformas\" \/>\n<meta property=\"article:modified_time\" content=\"2023-12-02T09:50:00+00:00\" \/>\n<meta name=\"twitter:card\" content=\"summary_large_image\" \/>\n<meta name=\"twitter:label1\" content=\"Tiempo de lectura\" \/>\n\t<meta name=\"twitter:data1\" content=\"2 minutos\" \/>\n<script type=\"application\/ld+json\" class=\"yoast-schema-graph\">{\"@context\":\"https:\/\/schema.org\",\"@graph\":[{\"@type\":\"WebPage\",\"@id\":\"https:\/\/digesco.com\/declaracion-de-accesibilidad\/\",\"url\":\"https:\/\/digesco.com\/declaracion-de-accesibilidad\/\",\"name\":\"Declaraci\u00f3n de accesibilidad - Digesco | Empresa de Reformas\",\"isPartOf\":{\"@id\":\"https:\/\/digesco.com\/es\/#website\"},\"datePublished\":\"2023-10-17T16:32:33+00:00\",\"dateModified\":\"2023-12-02T09:50:00+00:00\",\"breadcrumb\":{\"@id\":\"https:\/\/digesco.com\/declaracion-de-accesibilidad\/#breadcrumb\"},\"inLanguage\":\"es\",\"potentialAction\":[{\"@type\":\"ReadAction\",\"target\":[\"https:\/\/digesco.com\/declaracion-de-accesibilidad\/\"]}]},{\"@type\":\"BreadcrumbList\",\"@id\":\"https:\/\/digesco.com\/declaracion-de-accesibilidad\/#breadcrumb\",\"itemListElement\":[{\"@type\":\"ListItem\",\"position\":1,\"name\":\"Portada\",\"item\":\"https:\/\/digesco.com\/es\/\"},{\"@type\":\"ListItem\",\"position\":2,\"name\":\"Declaraci\u00f3n de accesibilidad\"}]},{\"@type\":\"WebSite\",\"@id\":\"https:\/\/digesco.com\/es\/#website\",\"url\":\"https:\/\/digesco.com\/es\/\",\"name\":\"Digesco | Empresa de Reformas\",\"description\":\"Empresa especializada y dedicada al mundo de la construcci\u00f3n, con trabajos tanto en el \u00e1mbito p\u00fablico como privado. En digesco ofrecemos un servicio integral para la construcci\u00f3n\",\"potentialAction\":[{\"@type\":\"SearchAction\",\"target\":{\"@type\":\"EntryPoint\",\"urlTemplate\":\"https:\/\/digesco.com\/es\/?s={search_term_string}\"},\"query-input\":{\"@type\":\"PropertyValueSpecification\",\"valueRequired\":true,\"valueName\":\"search_term_string\"}}],\"inLanguage\":\"es\"}]}<\/script>\n<!-- \/ Yoast SEO plugin. -->","yoast_head_json":{"title":"Declaraci\u00f3n de accesibilidad - Digesco | Empresa de Reformas","robots":{"index":"index","follow":"follow","max-snippet":"max-snippet:-1","max-image-preview":"max-image-preview:large","max-video-preview":"max-video-preview:-1"},"canonical":"https:\/\/digesco.com\/es\/declaracion-de-accesibilidad\/","og_locale":"es_ES","og_type":"article","og_title":"Declaraci\u00f3n de accesibilidad - Digesco | Empresa de Reformas","og_description":"Gesti\u00f3 i Control d&#8217;Obres S.L s&#8217;ha comprom\u00e8s a fer accessible el seu lloc web, d&#8217;acord amb el Reial Decret 1112\/2018, de 7 de setembre, sobre accessibilitat dels llocs web i aplicacions per a dispositius m\u00f2bils del sector p\u00fablic. La present declaraci\u00f3 d&#8217;accessibilitat s&#8217;aplica al lloc web\u00a0https:\/\/digesco.com Situaci\u00f3 de compliment Aquest lloc web est\u00e0 desenvolupat d&#8217;acord&hellip;&nbsp;Declaraci\u00f3n de accesibilidad","og_url":"https:\/\/digesco.com\/es\/declaracion-de-accesibilidad\/","og_site_name":"Digesco | Empresa de Reformas","article_modified_time":"2023-12-02T09:50:00+00:00","twitter_card":"summary_large_image","twitter_misc":{"Tiempo de lectura":"2 minutos"},"schema":{"@context":"https:\/\/schema.org","@graph":[{"@type":"WebPage","@id":"https:\/\/digesco.com\/declaracion-de-accesibilidad\/","url":"https:\/\/digesco.com\/declaracion-de-accesibilidad\/","name":"Declaraci\u00f3n de accesibilidad - Digesco | Empresa de Reformas","isPartOf":{"@id":"https:\/\/digesco.com\/es\/#website"},"datePublished":"2023-10-17T16:32:33+00:00","dateModified":"2023-12-02T09:50:00+00:00","breadcrumb":{"@id":"https:\/\/digesco.com\/declaracion-de-accesibilidad\/#breadcrumb"},"inLanguage":"es","potentialAction":[{"@type":"ReadAction","target":["https:\/\/digesco.com\/declaracion-de-accesibilidad\/"]}]},{"@type":"BreadcrumbList","@id":"https:\/\/digesco.com\/declaracion-de-accesibilidad\/#breadcrumb","itemListElement":[{"@type":"ListItem","position":1,"name":"Portada","item":"https:\/\/digesco.com\/es\/"},{"@type":"ListItem","position":2,"name":"Declaraci\u00f3n de accesibilidad"}]},{"@type":"WebSite","@id":"https:\/\/digesco.com\/es\/#website","url":"https:\/\/digesco.com\/es\/","name":"Digesco | Empresa de Reformas","description":"Empresa especializada y dedicada al mundo de la construcci\u00f3n, con trabajos tanto en el \u00e1mbito p\u00fablico como privado. En digesco ofrecemos un servicio integral para la construcci\u00f3n","potentialAction":[{"@type":"SearchAction","target":{"@type":"EntryPoint","urlTemplate":"https:\/\/digesco.com\/es\/?s={search_term_string}"},"query-input":{"@type":"PropertyValueSpecification","valueRequired":true,"valueName":"search_term_string"}}],"inLanguage":"es"}]}},"_links":{"self":[{"href":"https:\/\/digesco.com\/es\/wp-json\/wp\/v2\/pages\/484","targetHints":{"allow":["GET"]}}],"collection":[{"href":"https:\/\/digesco.com\/es\/wp-json\/wp\/v2\/pages"}],"about":[{"href":"https:\/\/digesco.com\/es\/wp-json\/wp\/v2\/types\/page"}],"author":[{"embeddable":true,"href":"https:\/\/digesco.com\/es\/wp-json\/wp\/v2\/users\/2"}],"replies":[{"embeddable":true,"href":"https:\/\/digesco.com\/es\/wp-json\/wp\/v2\/comments?post=484"}],"version-history":[{"count":12,"href":"https:\/\/digesco.com\/es\/wp-json\/wp\/v2\/pages\/484\/revisions"}],"predecessor-version":[{"id":877,"href":"https:\/\/digesco.com\/es\/wp-json\/wp\/v2\/pages\/484\/revisions\/877"}],"wp:attachment":[{"href":"https:\/\/digesco.com\/es\/wp-json\/wp\/v2\/media?parent=484"}],"curies":[{"name":"wp","href":"https:\/\/api.w.org\/{rel}","templated":true}]}}