{"id":479,"date":"2023-10-17T16:30:19","date_gmt":"2023-10-17T16:30:19","guid":{"rendered":"https:\/\/digesco.com\/?page_id=479"},"modified":"2023-12-02T09:52:10","modified_gmt":"2023-12-02T09:52:10","slug":"politica-de-proteccion-de-datos","status":"publish","type":"page","link":"https:\/\/digesco.com\/es\/politica-de-proteccion-de-datos\/","title":{"rendered":"Pol\u00edtica de protecci\u00f3n de datos"},"content":{"rendered":"<div data-elementor-type=\"wp-page\" data-elementor-id=\"479\" class=\"elementor elementor-479\" data-elementor-post-type=\"page\">\n\t\t\t\t\t\t<section class=\"elementor-section elementor-top-section elementor-element elementor-element-1e81ad17 elementor-section-boxed elementor-section-height-default elementor-section-height-default\" data-id=\"1e81ad17\" data-element_type=\"section\" data-e-type=\"section\" data-settings=\"{&quot;background_background&quot;:&quot;classic&quot;}\">\n\t\t\t\t\t\t\t<div class=\"elementor-background-overlay\"><\/div>\n\t\t\t\t\t\t\t<div class=\"elementor-container elementor-column-gap-default\">\n\t\t\t\t\t<div class=\"elementor-column elementor-col-100 elementor-top-column elementor-element elementor-element-16b8710e\" data-id=\"16b8710e\" data-element_type=\"column\" data-e-type=\"column\">\n\t\t\t<div class=\"elementor-widget-wrap elementor-element-populated\">\n\t\t\t\t\t\t<div class=\"elementor-element elementor-element-528030a8 elementor-invisible elementor-widget elementor-widget-heading\" data-id=\"528030a8\" data-element_type=\"widget\" data-e-type=\"widget\" data-settings=\"{&quot;_animation&quot;:&quot;fadeInUp&quot;}\" data-widget_type=\"heading.default\">\n\t\t\t\t<div class=\"elementor-widget-container\">\n\t\t\t\t\t<h1 class=\"elementor-heading-title elementor-size-default\">Pol\u00edtica de protecci\u00f3n de datos<\/h1>\t\t\t\t<\/div>\n\t\t\t\t<\/div>\n\t\t\t\t\t<\/div>\n\t\t<\/div>\n\t\t\t\t\t<\/div>\n\t\t<\/section>\n\t\t\t\t<section class=\"elementor-section elementor-top-section elementor-element elementor-element-5eb36b22 elementor-section-boxed elementor-section-height-default elementor-section-height-default\" data-id=\"5eb36b22\" data-element_type=\"section\" data-e-type=\"section\">\n\t\t\t\t\t\t<div class=\"elementor-container elementor-column-gap-default\">\n\t\t\t\t\t<div class=\"elementor-column elementor-col-100 elementor-top-column elementor-element elementor-element-20b07713\" data-id=\"20b07713\" data-element_type=\"column\" data-e-type=\"column\">\n\t\t\t<div class=\"elementor-widget-wrap elementor-element-populated\">\n\t\t\t\t\t\t<div class=\"elementor-element elementor-element-2acd935 elementor-widget elementor-widget-text-editor\" data-id=\"2acd935\" data-element_type=\"widget\" data-e-type=\"widget\" data-widget_type=\"text-editor.default\">\n\t\t\t\t<div class=\"elementor-widget-container\">\n\t\t\t\t\t\t\t\t\t<p>LA ACTUALIZACI\u00d3N se compromete a proteger la privacidad de los usuarios que accedan a este sitio web y\/oa cualquiera de sus servicios. La utilizaci\u00f3n del sitio web y\/o de cualquiera de los servicios ofrecidos por LA ACTUALIZACI\u00d3N implica la aceptaci\u00f3n por parte del usuario de las disposiciones contenidas en la presente Pol\u00edtica de Privacidad y que sus datos personales sean tratados seg\u00fan se estipula en ella. Tenga en cuenta que, aunque pueda haber enlaces desde nuestro sitio web a otros sitios web o redes sociales, esta Pol\u00edtica de Privacidad no se aplica a los sitios web de otras compa\u00f1\u00edas u organizaciones a las que el sitio web est\u00e9 redirigido . LA ACTUALIZACI\u00d3N no controla el contenido de los sitios web de terceros, ni acepta responsabilidad alguna por el contenido o las pol\u00edticas de privacidad de dichos sitios.<\/p><p>Informaci\u00f3n b\u00e1sica sobre el tratamiento de datos (Reglamento (UE) 2016\/679 y LO 3\/2018)<\/p><p>Responsable del tratamiento LA ACTUALIZACI\u00d3N. Nuestros datos figuran en el aviso legal de este sitio web. Finalidad del tratamiento Ofrecer y gestionar nuestros productos y servicios. Legitimaci\u00f3n Consentimiento obtenido del interesado. Ejecuci\u00f3n del contrato de servicios. Destinatarios Los datos no se comunicar\u00e1n a terceros, salvo que lo exija una ley o sea necesario para cumplir con la finalidad del tratamiento. Derechos de las personas Los interesados tienen derecho a ejercitar los derechos de acceso, rectificaci\u00f3n, limitaci\u00f3n de tratamiento, supresi\u00f3n, portabilidad y oposici\u00f3n, enviando su solicitud a nuestra direcci\u00f3n. Plazo de conservaci\u00f3n de los datos Mientras se mantenga la relaci\u00f3n comercial o durante los a\u00f1os necesarios para cumplir con las obligaciones legales. Reclamaci\u00f3n Los interesados pueden dirigirse a la AEPD para presentar la reclamaci\u00f3n que consideren oportuna. Informaci\u00f3n adicional Puede consultar la informaci\u00f3n adicional y detallada a continuaci\u00f3n en las \u201cPreguntas sobre privacidad\u201d.<\/p><p>Preguntas sobre privacidad<\/p><p>En cumplimiento del Reglamento (UE) 2016\/679 del Parlamento Europeo y del Consejo, de 27 de abril de 2016, (RGPD), y la Ley Org\u00e1nica 3\/2018, de 5 de diciembre, de Protecci\u00f3n de Datos Personales y garant\u00eda de los derechos digitales (LOPDGDD le ofrecemos la siguiente informaci\u00f3n sobre el tratamiento de sus datos personales:<\/p><p>\u00bfQui\u00e9n es el responsable del tratamiento de sus datos? LA ACTUALIZACI\u00d3N. Nuestros datos figuran en el aviso legal de este sitio web.<\/p><p>\u00bfCon qu\u00e9 finalidad tratamos sus datos personales? Tratamos la informaci\u00f3n que se nos facilita para prestar y facturar nuestros servicios y productos. Si nos da su consentimiento tambi\u00e9n podremos tratar sus datos para enviarle informaci\u00f3n sobre nuestras actividades, servicios y productos. Si participa en alguno de nuestros sorteos y\/o concursos, publicaremos su nombre y apellidos, y su imagen, en los diferentes espacios y medios de comunicaci\u00f3n y difusi\u00f3n que utilizamos, incluidas las redes sociales, con el fin de promover nuestras actividades, servicios y productos.<\/p><p>\u00bfDurante cu\u00e1nto tiempo conservaremos sus datos? Los datos personales proporcionados se conservar\u00e1n mientras sea usuarios de nuestros servicios o desee recibir informaci\u00f3n, y si participa en una promoci\u00f3n, mientras est\u00e9 activa, y despu\u00e9s, durante los plazos establecidos para cumplir con nuestras obligaciones legales.<\/p><p>\u00bfCu\u00e1l es la legitimaci\u00f3n para el tratamiento de sus datos? La base legal para los tratamientos de sus datos son los consientes que nos da. Por lo que respecta a la informaci\u00f3n que nos env\u00eden menores de 16 a\u00f1os, se entender\u00e1 que lo ha sido con el consentimiento de sus representantes legales. Si no es as\u00ed, el representante legal del menor debe comunicarlo tan pronto como tenga conocimiento.<\/p><p>\u00bfA qu\u00e9 destinatarios se comunicar\u00e1n sus datos? Los datos no se comunicar\u00e1n a terceros, salvo que lo exija una ley o sea necesario para cumplir con la finalidad del tratamiento.<\/p><p>\u00bfCu\u00e1les son sus derechos cuando nos facilita sus datos? Cualquier persona tiene derecho a obtener confirmaci\u00f3n de si estamos tratando o no sus datos personales. Los interesados tendr\u00e1n derecho a acceder a sus datos personales, as\u00ed como a solicitar la rectificaci\u00f3n de los datos inexactos o, en su caso, su supresi\u00f3n cuando, entre otros motivos, los datos ya no sean necesarios para los fines para las que se recogieron. En determinadas circunstancias, los interesados podr\u00e1n solicitar la limitaci\u00f3n del tratamiento de sus datos, en cuyo caso, \u00fanicamente los conservaremos para el ejercicio o la defensa de reclamaciones. Tambi\u00e9n, en determinadas circunstancias y por motivos relacionados con su situaci\u00f3n particular, los interesados pueden oponerse al tratamiento de sus datos. Los interesados tambi\u00e9n tendr\u00e1n derecho a la portabilidad de sus datos. Por \u00faltimo, los interesados tienen derecho a presentar una reclamaci\u00f3n ante la Autoridad de Control competente.<\/p><p>\u00bfC\u00f3mo puede ejercer sus derechos? Enviando un escrito adjuntando una copia de un documento que le identifique, a nuestra direcci\u00f3n f\u00edsica o electr\u00f3nica.<\/p><p>\u00bfC\u00f3mo hemos obtenido sus datos? Los datos personales que tratamos proceden del propio interesado. El interesado garantiza que los datos personales facilitados son ciertos y se hace responsable de comunicar cualquier modificaci\u00f3n de los mismos. Los datos que est\u00e9n marcados con un asterisco ser\u00e1n obligatorios para poder darle el servicio solicitado.<\/p><p>\u00bfQu\u00e9 datos tratamos? Las categor\u00edas de datos que podemos tratar en la prestaci\u00f3n de nuestros servicios son: Datos de car\u00e1cter identificativo Direcciones postales o electr\u00f3nicas Otros datos solicitados en nuestros formularios Los datos son limitados, ya que \u00fanicamente tratamos los datos necesarios para la prestaci\u00f3n de nuestros servicios y la gesti\u00f3n de nuestra actividad.<\/p><p>\u00bfUtilizamos cookies? Utilizamos cookies durante la navegaci\u00f3n en nuestro sitio web con el consentimiento informado del usuario. El usuario puede configurar su navegador para ser avisado del uso de cookies y para evitar su uso. Para obtener m\u00e1s informaci\u00f3n, visite nuestra pol\u00edtica de cookies.<\/p><p>\u00bfQu\u00e9 medidas de seguridad aplicamos? Aplicamos las medidas de seguridad establecidas en el art\u00edculo 32 del RGPD, por tanto, hemos adoptado las medidas de seguridad necesarias para garantizar un nivel de seguridad adecuado al riesgo del tratamiento de datos que realizamos, con mecanismos que nos permiten garantizar la confidencialidad, integridad , disponibilidad y resiliencia permanente de los sistemas y servicios de tratamiento. Algunas de estas medidas son: Informaci\u00f3n de las pol\u00edticas de tratamiento de datos al personal. Realizaci\u00f3n de copias de seguridad peri\u00f3dicas. Control de acceso a los datos. Procesos de verificaci\u00f3n, evaluaci\u00f3n y valoraci\u00f3n regulares.<\/p>\t\t\t\t\t\t\t\t<\/div>\n\t\t\t\t<\/div>\n\t\t\t\t\t<\/div>\n\t\t<\/div>\n\t\t\t\t\t<\/div>\n\t\t<\/section>\n\t\t\t\t<\/div>","protected":false},"excerpt":{"rendered":"<p>LA ACTUALIZACI\u00d3N se compromete a proteger la privacidad de los usuarios que accedan a este sitio web y\/oa cualquiera de sus servicios. La utilizaci\u00f3n del sitio web y\/o de cualquiera de los servicios ofrecidos por LA ACTUALIZACI\u00d3N implica la aceptaci\u00f3n por parte del usuario de las disposiciones contenidas en la presente Pol\u00edtica de Privacidad y que sus datos\u2026&nbsp;<a href=\"https:\/\/digesco.com\/es\/politica-de-proteccion-de-datos\/\" rel=\"bookmark\"><span class=\"screen-reader-text\">Pol\u00edtica de protecci\u00f3n de datos<\/span><\/a><\/p>","protected":false},"author":2,"featured_media":0,"parent":0,"menu_order":0,"comment_status":"closed","ping_status":"closed","template":"page-templates\/template-pagebuilder-full-width.php","meta":{"neve_meta_sidebar":"","neve_meta_container":"","neve_meta_enable_content_width":"off","neve_meta_content_width":100,"neve_meta_title_alignment":"","neve_meta_author_avatar":"","neve_post_elements_order":"","neve_meta_disable_header":"","neve_meta_disable_footer":"","neve_meta_disable_title":"","_joinchat":[],"footnotes":""},"class_list":["post-479","page","type-page","status-publish","hentry"],"yoast_head":"<!-- This site is optimized with the Yoast SEO plugin v26.9 - https:\/\/yoast.com\/product\/yoast-seo-wordpress\/ -->\n<title>Pol\u00edtica de protecci\u00f3n de datos - Digesco | Empresa de Reformas<\/title>\n<meta name=\"robots\" content=\"index, follow, max-snippet:-1, max-image-preview:large, max-video-preview:-1\" \/>\n<link rel=\"canonical\" href=\"https:\/\/digesco.com\/es\/politica-de-proteccion-de-datos\/\" \/>\n<meta property=\"og:locale\" content=\"es_ES\" \/>\n<meta property=\"og:type\" content=\"article\" \/>\n<meta property=\"og:title\" content=\"Pol\u00edtica de protecci\u00f3n de datos - Digesco | Empresa de Reformas\" \/>\n<meta property=\"og:description\" content=\"L&#8217;ACTUALITZACI\u00d3 es compromet a protegir la privadesa dels usuaris que accedeixin a aquest lloc web i\/o a qualsevol dels seus serveis. La utilitzaci\u00f3 del lloc web i\/o de qualsevol dels serveis oferts per L&#8217;ACTUALITZACI\u00d3 implica l&#8217;acceptaci\u00f3 per part de l&#8217;usuari de les disposicions contingudes en la present Pol\u00edtica de Privadesa i que les seves dades&hellip;&nbsp;Pol\u00edtica de protecci\u00f3n de datos\" \/>\n<meta property=\"og:url\" content=\"https:\/\/digesco.com\/es\/politica-de-proteccion-de-datos\/\" \/>\n<meta property=\"og:site_name\" content=\"Digesco | Empresa de Reformas\" \/>\n<meta property=\"article:modified_time\" content=\"2023-12-02T09:52:10+00:00\" \/>\n<meta name=\"twitter:card\" content=\"summary_large_image\" \/>\n<meta name=\"twitter:label1\" content=\"Tiempo de lectura\" \/>\n\t<meta name=\"twitter:data1\" content=\"5 minutos\" \/>\n<script type=\"application\/ld+json\" class=\"yoast-schema-graph\">{\"@context\":\"https:\/\/schema.org\",\"@graph\":[{\"@type\":\"WebPage\",\"@id\":\"https:\/\/digesco.com\/politica-de-proteccion-de-datos\/\",\"url\":\"https:\/\/digesco.com\/politica-de-proteccion-de-datos\/\",\"name\":\"Pol\u00edtica de protecci\u00f3n de datos - Digesco | Empresa de Reformas\",\"isPartOf\":{\"@id\":\"https:\/\/digesco.com\/es\/#website\"},\"datePublished\":\"2023-10-17T16:30:19+00:00\",\"dateModified\":\"2023-12-02T09:52:10+00:00\",\"breadcrumb\":{\"@id\":\"https:\/\/digesco.com\/politica-de-proteccion-de-datos\/#breadcrumb\"},\"inLanguage\":\"es\",\"potentialAction\":[{\"@type\":\"ReadAction\",\"target\":[\"https:\/\/digesco.com\/politica-de-proteccion-de-datos\/\"]}]},{\"@type\":\"BreadcrumbList\",\"@id\":\"https:\/\/digesco.com\/politica-de-proteccion-de-datos\/#breadcrumb\",\"itemListElement\":[{\"@type\":\"ListItem\",\"position\":1,\"name\":\"Portada\",\"item\":\"https:\/\/digesco.com\/es\/\"},{\"@type\":\"ListItem\",\"position\":2,\"name\":\"Pol\u00edtica de protecci\u00f3n de datos\"}]},{\"@type\":\"WebSite\",\"@id\":\"https:\/\/digesco.com\/es\/#website\",\"url\":\"https:\/\/digesco.com\/es\/\",\"name\":\"Digesco | Empresa de Reformas\",\"description\":\"Empresa especializada y dedicada al mundo de la construcci\u00f3n, con trabajos tanto en el \u00e1mbito p\u00fablico como privado. En digesco ofrecemos un servicio integral para la construcci\u00f3n\",\"potentialAction\":[{\"@type\":\"SearchAction\",\"target\":{\"@type\":\"EntryPoint\",\"urlTemplate\":\"https:\/\/digesco.com\/es\/?s={search_term_string}\"},\"query-input\":{\"@type\":\"PropertyValueSpecification\",\"valueRequired\":true,\"valueName\":\"search_term_string\"}}],\"inLanguage\":\"es\"}]}<\/script>\n<!-- \/ Yoast SEO plugin. -->","yoast_head_json":{"title":"Pol\u00edtica de protecci\u00f3n de datos - Digesco | Empresa de Reformas","robots":{"index":"index","follow":"follow","max-snippet":"max-snippet:-1","max-image-preview":"max-image-preview:large","max-video-preview":"max-video-preview:-1"},"canonical":"https:\/\/digesco.com\/es\/politica-de-proteccion-de-datos\/","og_locale":"es_ES","og_type":"article","og_title":"Pol\u00edtica de protecci\u00f3n de datos - Digesco | Empresa de Reformas","og_description":"L&#8217;ACTUALITZACI\u00d3 es compromet a protegir la privadesa dels usuaris que accedeixin a aquest lloc web i\/o a qualsevol dels seus serveis. La utilitzaci\u00f3 del lloc web i\/o de qualsevol dels serveis oferts per L&#8217;ACTUALITZACI\u00d3 implica l&#8217;acceptaci\u00f3 per part de l&#8217;usuari de les disposicions contingudes en la present Pol\u00edtica de Privadesa i que les seves dades&hellip;&nbsp;Pol\u00edtica de protecci\u00f3n de datos","og_url":"https:\/\/digesco.com\/es\/politica-de-proteccion-de-datos\/","og_site_name":"Digesco | Empresa de Reformas","article_modified_time":"2023-12-02T09:52:10+00:00","twitter_card":"summary_large_image","twitter_misc":{"Tiempo de lectura":"5 minutos"},"schema":{"@context":"https:\/\/schema.org","@graph":[{"@type":"WebPage","@id":"https:\/\/digesco.com\/politica-de-proteccion-de-datos\/","url":"https:\/\/digesco.com\/politica-de-proteccion-de-datos\/","name":"Pol\u00edtica de protecci\u00f3n de datos - Digesco | Empresa de Reformas","isPartOf":{"@id":"https:\/\/digesco.com\/es\/#website"},"datePublished":"2023-10-17T16:30:19+00:00","dateModified":"2023-12-02T09:52:10+00:00","breadcrumb":{"@id":"https:\/\/digesco.com\/politica-de-proteccion-de-datos\/#breadcrumb"},"inLanguage":"es","potentialAction":[{"@type":"ReadAction","target":["https:\/\/digesco.com\/politica-de-proteccion-de-datos\/"]}]},{"@type":"BreadcrumbList","@id":"https:\/\/digesco.com\/politica-de-proteccion-de-datos\/#breadcrumb","itemListElement":[{"@type":"ListItem","position":1,"name":"Portada","item":"https:\/\/digesco.com\/es\/"},{"@type":"ListItem","position":2,"name":"Pol\u00edtica de protecci\u00f3n de datos"}]},{"@type":"WebSite","@id":"https:\/\/digesco.com\/es\/#website","url":"https:\/\/digesco.com\/es\/","name":"Digesco | Empresa de Reformas","description":"Empresa especializada y dedicada al mundo de la construcci\u00f3n, con trabajos tanto en el \u00e1mbito p\u00fablico como privado. En digesco ofrecemos un servicio integral para la construcci\u00f3n","potentialAction":[{"@type":"SearchAction","target":{"@type":"EntryPoint","urlTemplate":"https:\/\/digesco.com\/es\/?s={search_term_string}"},"query-input":{"@type":"PropertyValueSpecification","valueRequired":true,"valueName":"search_term_string"}}],"inLanguage":"es"}]}},"_links":{"self":[{"href":"https:\/\/digesco.com\/es\/wp-json\/wp\/v2\/pages\/479","targetHints":{"allow":["GET"]}}],"collection":[{"href":"https:\/\/digesco.com\/es\/wp-json\/wp\/v2\/pages"}],"about":[{"href":"https:\/\/digesco.com\/es\/wp-json\/wp\/v2\/types\/page"}],"author":[{"embeddable":true,"href":"https:\/\/digesco.com\/es\/wp-json\/wp\/v2\/users\/2"}],"replies":[{"embeddable":true,"href":"https:\/\/digesco.com\/es\/wp-json\/wp\/v2\/comments?post=479"}],"version-history":[{"count":12,"href":"https:\/\/digesco.com\/es\/wp-json\/wp\/v2\/pages\/479\/revisions"}],"predecessor-version":[{"id":886,"href":"https:\/\/digesco.com\/es\/wp-json\/wp\/v2\/pages\/479\/revisions\/886"}],"wp:attachment":[{"href":"https:\/\/digesco.com\/es\/wp-json\/wp\/v2\/media?parent=479"}],"curies":[{"name":"wp","href":"https:\/\/api.w.org\/{rel}","templated":true}]}}