{"id":1432,"date":"2026-03-04T08:56:58","date_gmt":"2026-03-04T07:56:58","guid":{"rendered":"https:\/\/digesco.com\/?page_id=1432"},"modified":"2026-03-04T08:59:22","modified_gmt":"2026-03-04T07:59:22","slug":"reforma-de-cocinas-en-sant-cugat-del-valles","status":"publish","type":"page","link":"https:\/\/digesco.com\/es\/reforma-de-cocinas-en-sant-cugat-del-valles\/","title":{"rendered":"Reforma de cocinas en Sant Cugat del Vall\u00e8s"},"content":{"rendered":"<div data-elementor-type=\"wp-page\" data-elementor-id=\"1432\" class=\"elementor elementor-1432\" data-elementor-post-type=\"page\">\n\t\t\t\t\t\t<section class=\"elementor-section elementor-top-section elementor-element elementor-element-3209aeef elementor-section-boxed elementor-section-height-default elementor-section-height-default\" data-id=\"3209aeef\" data-element_type=\"section\" data-e-type=\"section\" data-settings=\"{&quot;background_background&quot;:&quot;classic&quot;}\">\n\t\t\t\t\t\t\t<div class=\"elementor-background-overlay\"><\/div>\n\t\t\t\t\t\t\t<div class=\"elementor-container elementor-column-gap-default\">\n\t\t\t\t\t<div class=\"elementor-column elementor-col-100 elementor-top-column elementor-element elementor-element-3b14663a\" data-id=\"3b14663a\" data-element_type=\"column\" data-e-type=\"column\">\n\t\t\t<div class=\"elementor-widget-wrap elementor-element-populated\">\n\t\t\t\t\t\t\t<\/div>\n\t\t<\/div>\n\t\t\t\t\t<\/div>\n\t\t<\/section>\n\t\t\t\t<section class=\"elementor-section elementor-top-section elementor-element elementor-element-22f99dff elementor-section-boxed elementor-section-height-default elementor-section-height-default\" data-id=\"22f99dff\" data-element_type=\"section\" data-e-type=\"section\">\n\t\t\t\t\t\t<div class=\"elementor-container elementor-column-gap-default\">\n\t\t\t\t\t<div class=\"elementor-column elementor-col-66 elementor-top-column elementor-element elementor-element-75c4a613 elementor-invisible\" data-id=\"75c4a613\" data-element_type=\"column\" data-e-type=\"column\" data-settings=\"{&quot;animation&quot;:&quot;fadeIn&quot;,&quot;animation_delay&quot;:200}\">\n\t\t\t<div class=\"elementor-widget-wrap elementor-element-populated\">\n\t\t\t\t\t\t<div class=\"elementor-element elementor-element-2bd96614 elementor-widget elementor-widget-heading\" data-id=\"2bd96614\" data-element_type=\"widget\" data-e-type=\"widget\" data-widget_type=\"heading.default\">\n\t\t\t\t<div class=\"elementor-widget-container\">\n\t\t\t\t\t<h3 class=\"elementor-heading-title elementor-size-default\">Reforma de cocinas en Sant Cugat del Vall\u00e8s: calidad, dise\u00f1o y funcionalidad con Digesco<\/h3>\t\t\t\t<\/div>\n\t\t\t\t<\/div>\n\t\t\t\t<div class=\"elementor-element elementor-element-6569d09e elementor-widget elementor-widget-text-editor\" data-id=\"6569d09e\" data-element_type=\"widget\" data-e-type=\"widget\" data-widget_type=\"text-editor.default\">\n\t\t\t\t<div class=\"elementor-widget-container\">\n\t\t\t\t\t\t\t\t\t<p data-start=\"278\" data-end=\"934\">En Digesco somos especialistas en construcci\u00f3n y reformas integrales, ofreciendo soluciones personalizadas para cada cliente. Si est\u00e1s pensando en realizar una <strong data-start=\"438\" data-end=\"485\">reforma de cocinas en Sant Cugat del Vall\u00e8s<\/strong>, contamos con un equipo profesional con amplia experiencia en el sector. Sabemos que la cocina es un espacio clave en el hogar, donde se comparte tiempo en familia y se desarrolla la vida cotidiana. Por eso dise\u00f1amos cocinas modernas, pr\u00e1cticas y adaptadas a tus necesidades, cuidando cada detalle. Nuestro objetivo es transformar tu cocina en un espacio funcional, elegante y duradero, donde cada elemento est\u00e9 pensado para mejorar tu d\u00eda a d\u00eda.<\/p>\t\t\t\t\t\t\t\t<\/div>\n\t\t\t\t<\/div>\n\t\t\t\t<div class=\"elementor-element elementor-element-cff6b83 elementor-widget elementor-widget-button\" data-id=\"cff6b83\" data-element_type=\"widget\" data-e-type=\"widget\" data-widget_type=\"button.default\">\n\t\t\t\t<div class=\"elementor-widget-container\">\n\t\t\t\t\t\t\t\t\t<div class=\"elementor-button-wrapper\">\n\t\t\t\t\t<a class=\"elementor-button elementor-button-link elementor-size-sm\" href=\"https:\/\/digesco.com\/es\/contacto\/\">\n\t\t\t\t\t\t<span class=\"elementor-button-content-wrapper\">\n\t\t\t\t\t\t\t\t\t<span class=\"elementor-button-text\">PIDE PRESUPUESTO AHORA<\/span>\n\t\t\t\t\t<\/span>\n\t\t\t\t\t<\/a>\n\t\t\t\t<\/div>\n\t\t\t\t\t\t\t\t<\/div>\n\t\t\t\t<\/div>\n\t\t\t\t<div class=\"elementor-element elementor-element-7028bfe elementor-widget elementor-widget-image\" data-id=\"7028bfe\" data-element_type=\"widget\" data-e-type=\"widget\" data-widget_type=\"image.default\">\n\t\t\t\t<div class=\"elementor-widget-container\">\n\t\t\t\t\t\t\t\t\t\t\t\t\t\t\t<img fetchpriority=\"high\" decoding=\"async\" width=\"1200\" height=\"750\" src=\"https:\/\/digesco.com\/wp-content\/uploads\/2026\/01\/reformas-integrales-en-Barcelona-2.png\" class=\"attachment-full size-full wp-image-1305\" alt=\"cocina abierta\" srcset=\"https:\/\/digesco.com\/wp-content\/uploads\/2026\/01\/reformas-integrales-en-Barcelona-2.png 1200w, https:\/\/digesco.com\/wp-content\/uploads\/2026\/01\/reformas-integrales-en-Barcelona-2-300x188.png 300w, https:\/\/digesco.com\/wp-content\/uploads\/2026\/01\/reformas-integrales-en-Barcelona-2-1024x640.png 1024w, https:\/\/digesco.com\/wp-content\/uploads\/2026\/01\/reformas-integrales-en-Barcelona-2-768x480.png 768w, https:\/\/digesco.com\/wp-content\/uploads\/2026\/01\/reformas-integrales-en-Barcelona-2-18x12.png 18w\" sizes=\"(max-width: 1200px) 100vw, 1200px\" \/>\t\t\t\t\t\t\t\t\t\t\t\t\t\t\t<\/div>\n\t\t\t\t<\/div>\n\t\t\t\t<div class=\"elementor-element elementor-element-7a61bce elementor-widget elementor-widget-heading\" data-id=\"7a61bce\" data-element_type=\"widget\" data-e-type=\"widget\" data-widget_type=\"heading.default\">\n\t\t\t\t<div class=\"elementor-widget-container\">\n\t\t\t\t\t<h3 class=\"elementor-heading-title elementor-size-default\">Experiencia y profesionalidad en cada reforma de cocinas en Sant Cugat del Vall\u00e8s<\/h3>\t\t\t\t<\/div>\n\t\t\t\t<\/div>\n\t\t\t\t<div class=\"elementor-element elementor-element-4b62c19 elementor-widget elementor-widget-text-editor\" data-id=\"4b62c19\" data-element_type=\"widget\" data-e-type=\"widget\" data-widget_type=\"text-editor.default\">\n\t\t\t\t<div class=\"elementor-widget-container\">\n\t\t\t\t\t\t\t\t\t<p data-start=\"1027\" data-end=\"1760\">Una <strong data-start=\"1031\" data-end=\"1078\">reforma de cocinas en Sant Cugat del Vall\u00e8s<\/strong> requiere planificaci\u00f3n, coordinaci\u00f3n y precisi\u00f3n en cada fase. En Digesco contamos con m\u00e1s de 30 a\u00f1os de experiencia, lo que nos permite ejecutar proyectos con total garant\u00eda. Nos encargamos de todas las fases: demolici\u00f3n, redistribuci\u00f3n de espacios, instalaciones de fontaner\u00eda y electricidad, colocaci\u00f3n de mobiliario y acabados finales. Supervisamos cada paso para garantizar el cumplimiento de los plazos y el presupuesto acordado. Adem\u00e1s, mantenemos comunicaci\u00f3n constante contigo para que est\u00e9s informado en todo momento, asegurando un proceso transparente y sin complicaciones. Nuestro compromiso es que tu cocina sea un espacio pr\u00e1ctico, c\u00f3modo y est\u00e9ticamente atractivo.<\/p>\t\t\t\t\t\t\t\t<\/div>\n\t\t\t\t<\/div>\n\t\t\t\t\t<\/div>\n\t\t<\/div>\n\t\t\t\t<div class=\"elementor-column elementor-col-33 elementor-top-column elementor-element elementor-element-2f0102a1 elementor-invisible\" data-id=\"2f0102a1\" data-element_type=\"column\" data-e-type=\"column\" data-settings=\"{&quot;animation&quot;:&quot;fadeIn&quot;,&quot;animation_delay&quot;:300}\">\n\t\t\t<div class=\"elementor-widget-wrap elementor-element-populated\">\n\t\t\t\t\t\t<section class=\"elementor-section elementor-inner-section elementor-element elementor-element-2b0742b8 elementor-section-boxed elementor-section-height-default elementor-section-height-default\" data-id=\"2b0742b8\" data-element_type=\"section\" data-e-type=\"section\" data-settings=\"{&quot;background_background&quot;:&quot;classic&quot;}\">\n\t\t\t\t\t\t<div class=\"elementor-container elementor-column-gap-default\">\n\t\t\t\t\t<div class=\"elementor-column elementor-col-100 elementor-inner-column elementor-element elementor-element-36cc4f6\" data-id=\"36cc4f6\" data-element_type=\"column\" data-e-type=\"column\">\n\t\t\t<div class=\"elementor-widget-wrap elementor-element-populated\">\n\t\t\t\t\t\t<div class=\"elementor-element elementor-element-2ef313b0 elementor-widget elementor-widget-heading\" data-id=\"2ef313b0\" data-element_type=\"widget\" data-e-type=\"widget\" data-widget_type=\"heading.default\">\n\t\t\t\t<div class=\"elementor-widget-container\">\n\t\t\t\t\t<h3 class=\"elementor-heading-title elementor-size-default\">Pide tu presupuesto<\/h3>\t\t\t\t<\/div>\n\t\t\t\t<\/div>\n\t\t\t\t<div class=\"elementor-element elementor-element-62a1157f elementor-widget elementor-widget-text-editor\" data-id=\"62a1157f\" data-element_type=\"widget\" data-e-type=\"widget\" data-widget_type=\"text-editor.default\">\n\t\t\t\t<div class=\"elementor-widget-container\">\n\t\t\t\t\t\t\t\t\t<p>Pide desde el siguiente formulario tu presupuesto sin compromiso.<\/p>\t\t\t\t\t\t\t\t<\/div>\n\t\t\t\t<\/div>\n\t\t\t\t<div class=\"elementor-element elementor-element-1af34f40 elementor-tablet-button-align-start elementor-button-align-stretch elementor-widget elementor-widget-form\" data-id=\"1af34f40\" data-element_type=\"widget\" data-e-type=\"widget\" data-settings=\"{&quot;step_next_label&quot;:&quot;Next&quot;,&quot;step_previous_label&quot;:&quot;Previous&quot;,&quot;button_width&quot;:&quot;100&quot;,&quot;step_type&quot;:&quot;number_text&quot;,&quot;step_icon_shape&quot;:&quot;circle&quot;}\" data-widget_type=\"form.default\">\n\t\t\t\t<div class=\"elementor-widget-container\">\n\t\t\t\t\t\t\t<form class=\"elementor-form\" method=\"post\" name=\"New Form\" aria-label=\"New Form\" action=\"\">\r\n\t\t\t<input type=\"hidden\" name=\"post_id\" value=\"1432\"\/>\r\n\t\t\t<input type=\"hidden\" name=\"form_id\" value=\"1af34f40\"\/>\r\n\t\t\t<input type=\"hidden\" name=\"referer_title\" value=\"Reforma de cocinas en Sant Cugat del Vall\u00e8s - Digesco | Empresa de Reformas\" \/>\r\n\r\n\t\t\t\t\t\t\t<input type=\"hidden\" name=\"queried_id\" value=\"1432\"\/>\r\n\t\t\t\r\n\t\t\t<div class=\"elementor-form-fields-wrapper elementor-labels-above\">\r\n\t\t\t\t\t\t\t\t<div class=\"elementor-field-type-text elementor-field-group elementor-column elementor-field-group-name elementor-col-100 elementor-md-50 elementor-field-required\">\r\n\t\t\t\t\t\t\t\t\t\t\t\t<label for=\"form-field-name\" class=\"elementor-field-label\">\r\n\t\t\t\t\t\t\t\tNombre\t\t\t\t\t\t\t<\/label>\r\n\t\t\t\t\t\t\t\t\t\t\t\t\t\t<input size=\"1\" type=\"text\" name=\"form_fields[name]\" id=\"form-field-name\" class=\"elementor-field elementor-size-sm  elementor-field-textual\" placeholder=\"Nombre\" required=\"required\">\r\n\t\t\t\t\t\t\t\t\t\t\t<\/div>\r\n\t\t\t\t\t\t\t\t<div class=\"elementor-field-type-tel elementor-field-group elementor-column elementor-field-group-field_b440838 elementor-col-100 elementor-field-required\">\r\n\t\t\t\t\t\t\t\t\t\t\t\t<label for=\"form-field-field_b440838\" class=\"elementor-field-label\">\r\n\t\t\t\t\t\t\t\tTel\u00e9fono\t\t\t\t\t\t\t<\/label>\r\n\t\t\t\t\t\t\t\t<input size=\"1\" type=\"tel\" name=\"form_fields[field_b440838]\" id=\"form-field-field_b440838\" class=\"elementor-field elementor-size-sm  elementor-field-textual\" placeholder=\"Tel\u00e9fono\" required=\"required\" pattern=\"[0-9()#&amp;+*-=.]+\" title=\"S\u00f3lo se aceptan n\u00fameros y caracteres de tel\u00e9fono (#, -, *, etc.).\" data-no-translation-title=\"\">\r\n\r\n\t\t\t\t\t\t<\/div>\r\n\t\t\t\t\t\t\t\t<div class=\"elementor-field-type-email elementor-field-group elementor-column elementor-field-group-email elementor-col-100 elementor-md-50 elementor-field-required\">\r\n\t\t\t\t\t\t\t\t\t\t\t\t<label for=\"form-field-email\" class=\"elementor-field-label\">\r\n\t\t\t\t\t\t\t\tCorreo electr\u00f3nico\t\t\t\t\t\t\t<\/label>\r\n\t\t\t\t\t\t\t\t\t\t\t\t\t\t<input size=\"1\" type=\"email\" name=\"form_fields[email]\" id=\"form-field-email\" class=\"elementor-field elementor-size-sm  elementor-field-textual\" placeholder=\"Correo electr\u00f3nico\" required=\"required\">\r\n\t\t\t\t\t\t\t\t\t\t\t<\/div>\r\n\t\t\t\t\t\t\t\t<div class=\"elementor-field-type-textarea elementor-field-group elementor-column elementor-field-group-message elementor-col-100 elementor-field-required\">\r\n\t\t\t\t\t\t\t\t\t\t\t\t<label for=\"form-field-message\" class=\"elementor-field-label\">\r\n\t\t\t\t\t\t\t\tMensaje\t\t\t\t\t\t\t<\/label>\r\n\t\t\t\t\t\t<textarea class=\"elementor-field-textual elementor-field  elementor-size-sm\" name=\"form_fields[message]\" id=\"form-field-message\" rows=\"4\" placeholder=\"Mensaje\" required=\"required\"><\/textarea>\t\t\t\t<\/div>\r\n\t\t\t\t\t\t\t\t<div class=\"elementor-field-type-acceptance elementor-field-group elementor-column elementor-field-group-field_de8e0b1 elementor-col-100 elementor-field-required\">\r\n\t\t\t\t\t\t\t<div class=\"elementor-field-subgroup\">\r\n\t\t\t<span class=\"elementor-field-option\">\r\n\t\t\t\t<input type=\"checkbox\" name=\"form_fields[field_de8e0b1]\" id=\"form-field-field_de8e0b1\" class=\"elementor-field elementor-size-sm  elementor-acceptance-field\" required=\"required\">\r\n\t\t\t\t<label for=\"form-field-field_de8e0b1\">He le\u00eddo y acepto la <a href=\"https:\/\/digesco.com\/es\/politica-de-proteccio-de-dades\/\">pol\u00edtica de privacidad.<\/a><\/label>\t\t\t<\/span>\r\n\t\t<\/div>\r\n\t\t\t\t\t\t<\/div>\r\n\t\t\t\t\t\t\t\t<div class=\"elementor-field-type-text\">\r\n\t\t\t\t\t<input size=\"1\" type=\"text\" name=\"form_fields[field_d9d8edc]\" id=\"form-field-field_d9d8edc\" class=\"elementor-field elementor-size-sm\" style=\"display:none !important;\">\t\t\t\t<\/div>\r\n\t\t\t\t\t\t\t\t<div class=\"elementor-field-type-recaptcha_v3 elementor-field-group elementor-column elementor-field-group-field_c297547 elementor-col-100 recaptcha_v3-bottomleft\">\r\n\t\t\t\t\t<div class=\"elementor-field\" id=\"form-field-field_c297547\"><div class=\"elementor-g-recaptcha\" data-sitekey=\"6Lf7Mx4pAAAAAMhxv999UsnPMn1aPXRQv2xwdd1X\" data-type=\"v3\" data-action=\"Form\" data-badge=\"bottomleft\" data-size=\"invisible\"><\/div><\/div>\t\t\t\t<\/div>\r\n\t\t\t\t\t\t\t\t<div class=\"elementor-field-group elementor-column elementor-field-type-submit elementor-col-100 e-form__buttons\">\r\n\t\t\t\t\t<button class=\"elementor-button elementor-size-sm\" type=\"submit\">\r\n\t\t\t\t\t\t<span class=\"elementor-button-content-wrapper\">\r\n\t\t\t\t\t\t\t\t\t\t\t\t\t\t\t\t\t\t\t\t\t\t<span class=\"elementor-button-text\">ENVIAR<\/span>\r\n\t\t\t\t\t\t\t\t\t\t\t\t\t<\/span>\r\n\t\t\t\t\t<\/button>\r\n\t\t\t\t<\/div>\r\n\t\t\t<\/div>\r\n\t\t<input type=\"hidden\" name=\"trp-form-language\" value=\"es\"\/><\/form>\r\n\t\t\t\t\t\t<\/div>\n\t\t\t\t<\/div>\n\t\t\t\t\t<\/div>\n\t\t<\/div>\n\t\t\t\t\t<\/div>\n\t\t<\/section>\n\t\t\t\t<section class=\"elementor-section elementor-inner-section elementor-element elementor-element-66505b21 elementor-section-boxed elementor-section-height-default elementor-section-height-default\" data-id=\"66505b21\" data-element_type=\"section\" data-e-type=\"section\" data-settings=\"{&quot;background_background&quot;:&quot;classic&quot;}\">\n\t\t\t\t\t\t<div class=\"elementor-container elementor-column-gap-default\">\n\t\t\t\t\t<div class=\"elementor-column elementor-col-100 elementor-inner-column elementor-element elementor-element-40609e79\" data-id=\"40609e79\" data-element_type=\"column\" data-e-type=\"column\">\n\t\t\t<div class=\"elementor-widget-wrap elementor-element-populated\">\n\t\t\t\t\t\t<div class=\"elementor-element elementor-element-1cea20f2 elementor-widget elementor-widget-heading\" data-id=\"1cea20f2\" data-element_type=\"widget\" data-e-type=\"widget\" data-widget_type=\"heading.default\">\n\t\t\t\t<div class=\"elementor-widget-container\">\n\t\t\t\t\t<h4 class=\"elementor-heading-title elementor-size-default\">\u00bfTienes alguna duda?<\/h4>\t\t\t\t<\/div>\n\t\t\t\t<\/div>\n\t\t\t\t<div class=\"elementor-element elementor-element-6411f08c elementor-widget elementor-widget-text-editor\" data-id=\"6411f08c\" data-element_type=\"widget\" data-e-type=\"widget\" data-widget_type=\"text-editor.default\">\n\t\t\t\t<div class=\"elementor-widget-container\">\n\t\t\t\t\t\t\t\t\t<p>Contacta con nosotros y pide informaci\u00f3n sobre nuestros servicios, o bien cons\u00faltanos cualquier duda o pregunta que tengas.\u00a0<\/p>\t\t\t\t\t\t\t\t<\/div>\n\t\t\t\t<\/div>\n\t\t\t\t<div class=\"elementor-element elementor-element-6d0e4cce elementor-view-framed elementor-position-inline-start elementor-mobile-position-inline-start elementor-widget-tablet__width-initial elementor-shape-circle elementor-widget elementor-widget-icon-box\" data-id=\"6d0e4cce\" data-element_type=\"widget\" data-e-type=\"widget\" data-widget_type=\"icon-box.default\">\n\t\t\t\t<div class=\"elementor-widget-container\">\n\t\t\t\t\t\t\t<div class=\"elementor-icon-box-wrapper\">\n\n\t\t\t\t\t\t<div class=\"elementor-icon-box-icon\">\n\t\t\t\t<a href=\"tel:(+34)%20657%20819%20823\" class=\"elementor-icon\" tabindex=\"-1\" aria-label=\"Tel\u00e9fono\">\n\t\t\t\t<i aria-hidden=\"true\" class=\"icon icon-phone-handset\"><\/i>\t\t\t\t<\/a>\n\t\t\t<\/div>\n\t\t\t\n\t\t\t\t\t\t<div class=\"elementor-icon-box-content\">\n\n\t\t\t\t\t\t\t\t\t<div class=\"elementor-icon-box-title\">\n\t\t\t\t\t\t<a href=\"tel:(+34)%20657%20819%20823\" >\n\t\t\t\t\t\t\tTel\u00e9fono\t\t\t\t\t\t<\/a>\n\t\t\t\t\t<\/div>\n\t\t\t\t\n\t\t\t\t\t\t\t\t\t<p class=\"elementor-icon-box-description\">\n\t\t\t\t\t\t(+34) 657 819 823\t\t\t\t\t<\/p>\n\t\t\t\t\n\t\t\t<\/div>\n\t\t\t\n\t\t<\/div>\n\t\t\t\t\t\t<\/div>\n\t\t\t\t<\/div>\n\t\t\t\t\t<\/div>\n\t\t<\/div>\n\t\t\t\t\t<\/div>\n\t\t<\/section>\n\t\t\t\t\t<\/div>\n\t\t<\/div>\n\t\t\t\t\t<\/div>\n\t\t<\/section>\n\t\t\t\t<section class=\"elementor-section elementor-top-section elementor-element elementor-element-74d93cb2 elementor-section-boxed elementor-section-height-default elementor-section-height-default\" data-id=\"74d93cb2\" data-element_type=\"section\" data-e-type=\"section\" data-settings=\"{&quot;background_background&quot;:&quot;classic&quot;}\">\n\t\t\t\t\t\t<div class=\"elementor-container elementor-column-gap-default\">\n\t\t\t\t\t<div class=\"elementor-column elementor-col-50 elementor-top-column elementor-element elementor-element-1c79fb65 elementor-invisible\" data-id=\"1c79fb65\" data-element_type=\"column\" data-e-type=\"column\" data-settings=\"{&quot;animation&quot;:&quot;fadeIn&quot;,&quot;animation_delay&quot;:200}\">\n\t\t\t<div class=\"elementor-widget-wrap elementor-element-populated\">\n\t\t\t\t\t\t<div class=\"elementor-element elementor-element-61e6c902 elementor-widget elementor-widget-heading\" data-id=\"61e6c902\" data-element_type=\"widget\" data-e-type=\"widget\" data-widget_type=\"heading.default\">\n\t\t\t\t<div class=\"elementor-widget-container\">\n\t\t\t\t\t<h2 class=\"elementor-heading-title elementor-size-default\">Servicios integrales para tu reforma de cocinas en Sant Cugat del Vall\u00e8s<\/h2>\t\t\t\t<\/div>\n\t\t\t\t<\/div>\n\t\t\t\t<div class=\"elementor-element elementor-element-284b7e38 elementor-widget elementor-widget-text-editor\" data-id=\"284b7e38\" data-element_type=\"widget\" data-e-type=\"widget\" data-widget_type=\"text-editor.default\">\n\t\t\t\t<div class=\"elementor-widget-container\">\n\t\t\t\t\t\t\t\t\t<p data-start=\"1844\" data-end=\"2488\">Nuestra <strong data-start=\"1852\" data-end=\"1899\">reforma de cocinas en Sant Cugat del Vall\u00e8s<\/strong> ofrece un servicio completo desde el dise\u00f1o hasta la entrega final. Asesoramos en la elecci\u00f3n de encimeras, muebles, iluminaci\u00f3n y electrodom\u00e9sticos, buscando siempre el equilibrio entre est\u00e9tica y funcionalidad. Adaptamos cada cocina al estilo de vida del cliente, optimizando el espacio disponible para lograr mayor comodidad y organizaci\u00f3n. Trabajamos tanto en cocinas peque\u00f1as como en espacios abiertos, ofreciendo soluciones modernas, pr\u00e1cticas y eficientes. Cada proyecto est\u00e1 pensado para garantizar durabilidad, facilidad de mantenimiento y un dise\u00f1o que revalorice tu vivienda.<\/p><p data-start=\"5129\" data-end=\"5165\"><strong>Nuestros subservicios destacados son:<\/strong><\/p>\t\t\t\t\t\t\t\t<\/div>\n\t\t\t\t<\/div>\n\t\t\t\t<div class=\"elementor-element elementor-element-63af7ead elementor-widget elementor-widget-image\" data-id=\"63af7ead\" data-element_type=\"widget\" data-e-type=\"widget\" data-widget_type=\"image.default\">\n\t\t\t\t<div class=\"elementor-widget-container\">\n\t\t\t\t\t\t\t\t\t\t\t\t\t\t\t<img decoding=\"async\" width=\"900\" height=\"600\" src=\"https:\/\/digesco.com\/wp-content\/uploads\/2024\/02\/reforma-cocinas-Sabadell.jpg\" class=\"attachment-large size-large wp-image-1057\" alt=\"cocina estilo n\u00f3rdico\" srcset=\"https:\/\/digesco.com\/wp-content\/uploads\/2024\/02\/reforma-cocinas-Sabadell.jpg 900w, https:\/\/digesco.com\/wp-content\/uploads\/2024\/02\/reforma-cocinas-Sabadell-300x200.jpg 300w, https:\/\/digesco.com\/wp-content\/uploads\/2024\/02\/reforma-cocinas-Sabadell-768x512.jpg 768w, https:\/\/digesco.com\/wp-content\/uploads\/2024\/02\/reforma-cocinas-Sabadell-18x12.jpg 18w\" sizes=\"(max-width: 900px) 100vw, 900px\" \/>\t\t\t\t\t\t\t\t\t\t\t\t\t\t\t<\/div>\n\t\t\t\t<\/div>\n\t\t\t\t\t<\/div>\n\t\t<\/div>\n\t\t\t\t<div class=\"elementor-column elementor-col-50 elementor-top-column elementor-element elementor-element-cb0debd\" data-id=\"cb0debd\" data-element_type=\"column\" data-e-type=\"column\">\n\t\t\t<div class=\"elementor-widget-wrap elementor-element-populated\">\n\t\t\t\t\t\t<section class=\"elementor-section elementor-inner-section elementor-element elementor-element-3988152e elementor-section-content-middle animated-fast elementor-section-boxed elementor-section-height-default elementor-section-height-default elementor-invisible\" data-id=\"3988152e\" data-element_type=\"section\" data-e-type=\"section\" data-settings=\"{&quot;background_background&quot;:&quot;classic&quot;,&quot;animation&quot;:&quot;fadeInRight&quot;}\">\n\t\t\t\t\t\t<div class=\"elementor-container elementor-column-gap-default\">\n\t\t\t\t\t<div class=\"elementor-column elementor-col-100 elementor-inner-column elementor-element elementor-element-87ab6ad\" data-id=\"87ab6ad\" data-element_type=\"column\" data-e-type=\"column\">\n\t\t\t<div class=\"elementor-widget-wrap elementor-element-populated\">\n\t\t\t\t\t\t<div class=\"elementor-element elementor-element-3b9271d7 elementor-widget elementor-widget-heading\" data-id=\"3b9271d7\" data-element_type=\"widget\" data-e-type=\"widget\" data-widget_type=\"heading.default\">\n\t\t\t\t<div class=\"elementor-widget-container\">\n\t\t\t\t\t<h5 class=\"elementor-heading-title elementor-size-default\">Dise\u00f1o personalizado\n<\/h5>\t\t\t\t<\/div>\n\t\t\t\t<\/div>\n\t\t\t\t<div class=\"elementor-element elementor-element-7456115 elementor-widget elementor-widget-text-editor\" data-id=\"7456115\" data-element_type=\"widget\" data-e-type=\"widget\" data-widget_type=\"text-editor.default\">\n\t\t\t\t<div class=\"elementor-widget-container\">\n\t\t\t\t\t\t\t\t\t<p data-start=\"3220\" data-end=\"3365\">Creamos cocinas a medida, optimizando almacenamiento, iluminaci\u00f3n y distribuci\u00f3n para un espacio pr\u00e1ctico y moderno.<\/p>\t\t\t\t\t\t\t\t<\/div>\n\t\t\t\t<\/div>\n\t\t\t\t\t<\/div>\n\t\t<\/div>\n\t\t\t\t\t<\/div>\n\t\t<\/section>\n\t\t\t\t<section class=\"elementor-section elementor-inner-section elementor-element elementor-element-33bd758a elementor-section-content-middle animated-fast elementor-section-boxed elementor-section-height-default elementor-section-height-default elementor-invisible\" data-id=\"33bd758a\" data-element_type=\"section\" data-e-type=\"section\" data-settings=\"{&quot;background_background&quot;:&quot;classic&quot;,&quot;animation&quot;:&quot;fadeInRight&quot;,&quot;animation_delay&quot;:200}\">\n\t\t\t\t\t\t<div class=\"elementor-container elementor-column-gap-default\">\n\t\t\t\t\t<div class=\"elementor-column elementor-col-100 elementor-inner-column elementor-element elementor-element-2f72e6b6\" data-id=\"2f72e6b6\" data-element_type=\"column\" data-e-type=\"column\">\n\t\t\t<div class=\"elementor-widget-wrap elementor-element-populated\">\n\t\t\t\t\t\t<div class=\"elementor-element elementor-element-4aa97d40 elementor-widget elementor-widget-heading\" data-id=\"4aa97d40\" data-element_type=\"widget\" data-e-type=\"widget\" data-widget_type=\"heading.default\">\n\t\t\t\t<div class=\"elementor-widget-container\">\n\t\t\t\t\t<h5 class=\"elementor-heading-title elementor-size-default\">Instalaciones completas\n\n<\/h5>\t\t\t\t<\/div>\n\t\t\t\t<\/div>\n\t\t\t\t<div class=\"elementor-element elementor-element-43dc480f elementor-widget elementor-widget-text-editor\" data-id=\"43dc480f\" data-element_type=\"widget\" data-e-type=\"widget\" data-widget_type=\"text-editor.default\">\n\t\t\t\t<div class=\"elementor-widget-container\">\n\t\t\t\t\t\t\t\t\t<p data-start=\"3105\" data-end=\"3240\">Realizamos trabajos de electricidad, fontaner\u00eda y montaje de mobiliario con total garant\u00eda profesional.<\/p>\t\t\t\t\t\t\t\t<\/div>\n\t\t\t\t<\/div>\n\t\t\t\t\t<\/div>\n\t\t<\/div>\n\t\t\t\t\t<\/div>\n\t\t<\/section>\n\t\t\t\t<section class=\"elementor-section elementor-inner-section elementor-element elementor-element-68fed0b5 elementor-section-content-middle animated-fast elementor-section-boxed elementor-section-height-default elementor-section-height-default elementor-invisible\" data-id=\"68fed0b5\" data-element_type=\"section\" data-e-type=\"section\" data-settings=\"{&quot;background_background&quot;:&quot;classic&quot;,&quot;animation&quot;:&quot;fadeInRight&quot;,&quot;animation_delay&quot;:300}\">\n\t\t\t\t\t\t<div class=\"elementor-container elementor-column-gap-default\">\n\t\t\t\t\t<div class=\"elementor-column elementor-col-100 elementor-inner-column elementor-element elementor-element-189215a9\" data-id=\"189215a9\" data-element_type=\"column\" data-e-type=\"column\">\n\t\t\t<div class=\"elementor-widget-wrap elementor-element-populated\">\n\t\t\t\t\t\t<div class=\"elementor-element elementor-element-54b34239 elementor-widget elementor-widget-heading\" data-id=\"54b34239\" data-element_type=\"widget\" data-e-type=\"widget\" data-widget_type=\"heading.default\">\n\t\t\t\t<div class=\"elementor-widget-container\">\n\t\t\t\t\t<h5 class=\"elementor-heading-title elementor-size-default\">Materiales de alta calidad\n<\/h5>\t\t\t\t<\/div>\n\t\t\t\t<\/div>\n\t\t\t\t<div class=\"elementor-element elementor-element-341887ed elementor-widget elementor-widget-text-editor\" data-id=\"341887ed\" data-element_type=\"widget\" data-e-type=\"widget\" data-widget_type=\"text-editor.default\">\n\t\t\t\t<div class=\"elementor-widget-container\">\n\t\t\t\t\t\t\t\t\t<p data-start=\"3242\" data-end=\"3385\">Trabajamos con encimeras y revestimientos resistentes que aportan estilo, durabilidad y f\u00e1cil mantenimiento.<\/p>\t\t\t\t\t\t\t\t<\/div>\n\t\t\t\t<\/div>\n\t\t\t\t\t<\/div>\n\t\t<\/div>\n\t\t\t\t\t<\/div>\n\t\t<\/section>\n\t\t\t\t\t<\/div>\n\t\t<\/div>\n\t\t\t\t\t<\/div>\n\t\t<\/section>\n\t\t\t\t<section class=\"elementor-section elementor-top-section elementor-element elementor-element-663d938 elementor-section-boxed elementor-section-height-default elementor-section-height-default\" data-id=\"663d938\" data-element_type=\"section\" data-e-type=\"section\" data-settings=\"{&quot;background_background&quot;:&quot;classic&quot;}\">\n\t\t\t\t\t\t<div class=\"elementor-container elementor-column-gap-default\">\n\t\t\t\t\t<div class=\"elementor-column elementor-col-50 elementor-top-column elementor-element elementor-element-0d12e66 elementor-invisible\" data-id=\"0d12e66\" data-element_type=\"column\" data-e-type=\"column\" data-settings=\"{&quot;animation&quot;:&quot;fadeIn&quot;,&quot;animation_delay&quot;:200}\">\n\t\t\t<div class=\"elementor-widget-wrap elementor-element-populated\">\n\t\t\t\t\t\t<div class=\"elementor-element elementor-element-059018d elementor-widget elementor-widget-heading\" data-id=\"059018d\" data-element_type=\"widget\" data-e-type=\"widget\" data-widget_type=\"heading.default\">\n\t\t\t\t<div class=\"elementor-widget-container\">\n\t\t\t\t\t<h2 class=\"elementor-heading-title elementor-size-default\">Preguntas frecuentes sobre la reforma de cocinas en Sant Cugat del Vall\u00e8s<\/h2>\t\t\t\t<\/div>\n\t\t\t\t<\/div>\n\t\t\t\t<div class=\"elementor-element elementor-element-69f7b6c elementor-widget elementor-widget-text-editor\" data-id=\"69f7b6c\" data-element_type=\"widget\" data-e-type=\"widget\" data-widget_type=\"text-editor.default\">\n\t\t\t\t<div class=\"elementor-widget-container\">\n\t\t\t\t\t\t\t\t\t<p data-start=\"3459\" data-end=\"3561\">Si est\u00e1s valorando una <strong data-start=\"3482\" data-end=\"3518\">reforma de cocinas en Granollers<\/strong>, estas son algunas preguntas habituales:<\/p><p data-start=\"3454\" data-end=\"3568\">\u00a0<\/p>\t\t\t\t\t\t\t\t<\/div>\n\t\t\t\t<\/div>\n\t\t\t\t<div class=\"elementor-element elementor-element-96d8b7f elementor-widget elementor-widget-image\" data-id=\"96d8b7f\" data-element_type=\"widget\" data-e-type=\"widget\" data-widget_type=\"image.default\">\n\t\t\t\t<div class=\"elementor-widget-container\">\n\t\t\t\t\t\t\t\t\t\t\t\t\t\t\t<img decoding=\"async\" width=\"900\" height=\"600\" src=\"https:\/\/digesco.com\/wp-content\/uploads\/2024\/07\/reforma-cocina-sabadell-1.jpg\" class=\"attachment-large size-large wp-image-1221\" alt=\"\" srcset=\"https:\/\/digesco.com\/wp-content\/uploads\/2024\/07\/reforma-cocina-sabadell-1.jpg 900w, https:\/\/digesco.com\/wp-content\/uploads\/2024\/07\/reforma-cocina-sabadell-1-300x200.jpg 300w, https:\/\/digesco.com\/wp-content\/uploads\/2024\/07\/reforma-cocina-sabadell-1-768x512.jpg 768w, https:\/\/digesco.com\/wp-content\/uploads\/2024\/07\/reforma-cocina-sabadell-1-18x12.jpg 18w\" sizes=\"(max-width: 900px) 100vw, 900px\" \/>\t\t\t\t\t\t\t\t\t\t\t\t\t\t\t<\/div>\n\t\t\t\t<\/div>\n\t\t\t\t\t<\/div>\n\t\t<\/div>\n\t\t\t\t<div class=\"elementor-column elementor-col-50 elementor-top-column elementor-element elementor-element-89362ae\" data-id=\"89362ae\" data-element_type=\"column\" data-e-type=\"column\">\n\t\t\t<div class=\"elementor-widget-wrap elementor-element-populated\">\n\t\t\t\t\t\t<div class=\"elementor-element elementor-element-3de9547 elementor-widget elementor-widget-n-accordion\" data-id=\"3de9547\" data-element_type=\"widget\" data-e-type=\"widget\" data-settings=\"{&quot;default_state&quot;:&quot;expanded&quot;,&quot;max_items_expended&quot;:&quot;one&quot;,&quot;n_accordion_animation_duration&quot;:{&quot;unit&quot;:&quot;ms&quot;,&quot;size&quot;:400,&quot;sizes&quot;:[]}}\" data-widget_type=\"nested-accordion.default\">\n\t\t\t\t<div class=\"elementor-widget-container\">\n\t\t\t\t\t\t\t<div class=\"e-n-accordion\" aria-label=\"Accordion. Open links with Enter or Space, close with Escape, and navigate with Arrow Keys\">\n\t\t\t\t\t\t<details id=\"e-n-accordion-item-6490\" class=\"e-n-accordion-item\" open>\n\t\t\t\t<summary class=\"e-n-accordion-item-title\" data-accordion-index=\"1\" tabindex=\"0\" aria-expanded=\"true\" aria-controls=\"e-n-accordion-item-6490\" >\n\t\t\t\t\t<span class='e-n-accordion-item-title-header'><div class=\"e-n-accordion-item-title-text\"> \u00bfCu\u00e1nto dura una reforma de cocina? <\/div><\/span>\n\t\t\t\t\t\t\t<span class='e-n-accordion-item-title-icon'>\n\t\t\t<span class='e-opened' ><i aria-hidden=\"true\" class=\"fas fa-minus\"><\/i><\/span>\n\t\t\t<span class='e-closed'><i aria-hidden=\"true\" class=\"fas fa-plus\"><\/i><\/span>\n\t\t<\/span>\n\n\t\t\t\t\t\t<\/summary>\n\t\t\t\t<div role=\"region\" aria-labelledby=\"e-n-accordion-item-6490\" class=\"elementor-element elementor-element-86d7c62 e-con-full e-flex e-con e-child\" data-id=\"86d7c62\" data-element_type=\"container\" data-e-type=\"container\">\n\t\t\t\t<div class=\"elementor-element elementor-element-82860ce elementor-widget elementor-widget-text-editor\" data-id=\"82860ce\" data-element_type=\"widget\" data-e-type=\"widget\" data-widget_type=\"text-editor.default\">\n\t\t\t\t<div class=\"elementor-widget-container\">\n\t\t\t\t\t\t\t\t\t<p data-start=\"3864\" data-end=\"3993\">Generalmente entre 2 y 4 semanas, seg\u00fan el tama\u00f1o y la complejidad del proyecto.<\/p>\t\t\t\t\t\t\t\t<\/div>\n\t\t\t\t<\/div>\n\t\t\t\t<\/div>\n\t\t\t\t\t<\/details>\n\t\t\t\t\t\t<details id=\"e-n-accordion-item-6491\" class=\"e-n-accordion-item\" >\n\t\t\t\t<summary class=\"e-n-accordion-item-title\" data-accordion-index=\"2\" tabindex=\"-1\" aria-expanded=\"false\" aria-controls=\"e-n-accordion-item-6491\" >\n\t\t\t\t\t<span class='e-n-accordion-item-title-header'><div class=\"e-n-accordion-item-title-text\"> \u00bfSe puede cambiar la distribuci\u00f3n de la cocina? <\/div><\/span>\n\t\t\t\t\t\t\t<span class='e-n-accordion-item-title-icon'>\n\t\t\t<span class='e-opened' ><i aria-hidden=\"true\" class=\"fas fa-minus\"><\/i><\/span>\n\t\t\t<span class='e-closed'><i aria-hidden=\"true\" class=\"fas fa-plus\"><\/i><\/span>\n\t\t<\/span>\n\n\t\t\t\t\t\t<\/summary>\n\t\t\t\t<div role=\"region\" aria-labelledby=\"e-n-accordion-item-6491\" class=\"elementor-element elementor-element-da5c77c e-con-full e-flex e-con e-child\" data-id=\"da5c77c\" data-element_type=\"container\" data-e-type=\"container\">\n\t\t\t\t<div class=\"elementor-element elementor-element-c1f2173 elementor-widget elementor-widget-text-editor\" data-id=\"c1f2173\" data-element_type=\"widget\" data-e-type=\"widget\" data-widget_type=\"text-editor.default\">\n\t\t\t\t<div class=\"elementor-widget-container\">\n\t\t\t\t\t\t\t\t\t<p data-start=\"3570\" data-end=\"3708\">S\u00ed, siempre que las instalaciones lo permitan, podemos redistribuir el espacio.<\/p>\t\t\t\t\t\t\t\t<\/div>\n\t\t\t\t<\/div>\n\t\t\t\t<\/div>\n\t\t\t\t\t<\/details>\n\t\t\t\t\t\t<details id=\"e-n-accordion-item-6492\" class=\"e-n-accordion-item\" >\n\t\t\t\t<summary class=\"e-n-accordion-item-title\" data-accordion-index=\"3\" tabindex=\"-1\" aria-expanded=\"false\" aria-controls=\"e-n-accordion-item-6492\" >\n\t\t\t\t\t<span class='e-n-accordion-item-title-header'><div class=\"e-n-accordion-item-title-text\"> \u00bfOfrecen presupuesto sin compromiso? <\/div><\/span>\n\t\t\t\t\t\t\t<span class='e-n-accordion-item-title-icon'>\n\t\t\t<span class='e-opened' ><i aria-hidden=\"true\" class=\"fas fa-minus\"><\/i><\/span>\n\t\t\t<span class='e-closed'><i aria-hidden=\"true\" class=\"fas fa-plus\"><\/i><\/span>\n\t\t<\/span>\n\n\t\t\t\t\t\t<\/summary>\n\t\t\t\t<div role=\"region\" aria-labelledby=\"e-n-accordion-item-6492\" class=\"elementor-element elementor-element-b6904a9 e-con-full e-flex e-con e-child\" data-id=\"b6904a9\" data-element_type=\"container\" data-e-type=\"container\">\n\t\t\t\t<div class=\"elementor-element elementor-element-d1d56c3 elementor-widget elementor-widget-text-editor\" data-id=\"d1d56c3\" data-element_type=\"widget\" data-e-type=\"widget\" data-widget_type=\"text-editor.default\">\n\t\t\t\t<div class=\"elementor-widget-container\">\n\t\t\t\t\t\t\t\t\t<p data-start=\"3802\" data-end=\"3906\">S\u00ed, realizamos presupuestos personalizados y detallados.<\/p>\t\t\t\t\t\t\t\t<\/div>\n\t\t\t\t<\/div>\n\t\t\t\t<\/div>\n\t\t\t\t\t<\/details>\n\t\t\t\t\t\t<details id=\"e-n-accordion-item-6493\" class=\"e-n-accordion-item\" >\n\t\t\t\t<summary class=\"e-n-accordion-item-title\" data-accordion-index=\"4\" tabindex=\"-1\" aria-expanded=\"false\" aria-controls=\"e-n-accordion-item-6493\" >\n\t\t\t\t\t<span class='e-n-accordion-item-title-header'><div class=\"e-n-accordion-item-title-text\"> \u00bfPuedo elegir los materiales y acabados? <\/div><\/span>\n\t\t\t\t\t\t\t<span class='e-n-accordion-item-title-icon'>\n\t\t\t<span class='e-opened' ><i aria-hidden=\"true\" class=\"fas fa-minus\"><\/i><\/span>\n\t\t\t<span class='e-closed'><i aria-hidden=\"true\" class=\"fas fa-plus\"><\/i><\/span>\n\t\t<\/span>\n\n\t\t\t\t\t\t<\/summary>\n\t\t\t\t<div role=\"region\" aria-labelledby=\"e-n-accordion-item-6493\" class=\"elementor-element elementor-element-9426da6 e-con-full e-flex e-con e-child\" data-id=\"9426da6\" data-element_type=\"container\" data-e-type=\"container\">\n\t\t\t\t<div class=\"elementor-element elementor-element-95fdb81 elementor-widget elementor-widget-text-editor\" data-id=\"95fdb81\" data-element_type=\"widget\" data-e-type=\"widget\" data-widget_type=\"text-editor.default\">\n\t\t\t\t<div class=\"elementor-widget-container\">\n\t\t\t\t\t\t\t\t\t<p data-start=\"3935\" data-end=\"4082\">Por supuesto, te asesoramos para que elijas las mejores opciones seg\u00fan tu estilo y presupuesto.<\/p>\t\t\t\t\t\t\t\t<\/div>\n\t\t\t\t<\/div>\n\t\t\t\t<\/div>\n\t\t\t\t\t<\/details>\n\t\t\t\t\t\t<details id=\"e-n-accordion-item-6494\" class=\"e-n-accordion-item\" >\n\t\t\t\t<summary class=\"e-n-accordion-item-title\" data-accordion-index=\"5\" tabindex=\"-1\" aria-expanded=\"false\" aria-controls=\"e-n-accordion-item-6494\" >\n\t\t\t\t\t<span class='e-n-accordion-item-title-header'><div class=\"e-n-accordion-item-title-text\"> \u00bfIncluye garant\u00eda la reforma? <\/div><\/span>\n\t\t\t\t\t\t\t<span class='e-n-accordion-item-title-icon'>\n\t\t\t<span class='e-opened' ><i aria-hidden=\"true\" class=\"fas fa-minus\"><\/i><\/span>\n\t\t\t<span class='e-closed'><i aria-hidden=\"true\" class=\"fas fa-plus\"><\/i><\/span>\n\t\t<\/span>\n\n\t\t\t\t\t\t<\/summary>\n\t\t\t\t<div role=\"region\" aria-labelledby=\"e-n-accordion-item-6494\" class=\"elementor-element elementor-element-dd2adbf e-con-full e-flex e-con e-child\" data-id=\"dd2adbf\" data-element_type=\"container\" data-e-type=\"container\">\n\t\t\t\t<div class=\"elementor-element elementor-element-bc403a4 elementor-widget elementor-widget-text-editor\" data-id=\"bc403a4\" data-element_type=\"widget\" data-e-type=\"widget\" data-widget_type=\"text-editor.default\">\n\t\t\t\t<div class=\"elementor-widget-container\">\n\t\t\t\t\t\t\t\t\t<p data-start=\"4084\" data-end=\"4186\">S\u00ed, todos nuestros trabajos cuentan con garant\u00eda profesional.<\/p>\t\t\t\t\t\t\t\t<\/div>\n\t\t\t\t<\/div>\n\t\t\t\t<\/div>\n\t\t\t\t\t<\/details>\n\t\t\t\t\t<\/div>\n\t\t\t\t\t\t<\/div>\n\t\t\t\t<\/div>\n\t\t\t\t\t<\/div>\n\t\t<\/div>\n\t\t\t\t\t<\/div>\n\t\t<\/section>\n\t\t\t\t<section class=\"elementor-section elementor-top-section elementor-element elementor-element-b57feaa elementor-section-boxed elementor-section-height-default elementor-section-height-default\" data-id=\"b57feaa\" data-element_type=\"section\" data-e-type=\"section\" data-settings=\"{&quot;background_background&quot;:&quot;classic&quot;,&quot;background_motion_fx_motion_fx_scrolling&quot;:&quot;yes&quot;,&quot;background_motion_fx_translateY_effect&quot;:&quot;yes&quot;,&quot;background_motion_fx_translateY_speed&quot;:{&quot;unit&quot;:&quot;px&quot;,&quot;size&quot;:4,&quot;sizes&quot;:[]},&quot;background_motion_fx_translateY_affectedRange&quot;:{&quot;unit&quot;:&quot;%&quot;,&quot;size&quot;:&quot;&quot;,&quot;sizes&quot;:{&quot;start&quot;:0,&quot;end&quot;:100}},&quot;background_motion_fx_devices&quot;:[&quot;desktop&quot;,&quot;tablet&quot;,&quot;mobile&quot;]}\">\n\t\t\t\t\t\t\t<div class=\"elementor-background-overlay\"><\/div>\n\t\t\t\t\t\t\t<div class=\"elementor-container elementor-column-gap-default\">\n\t\t\t\t\t<div class=\"elementor-column elementor-col-100 elementor-top-column elementor-element elementor-element-3c7678d elementor-invisible\" data-id=\"3c7678d\" data-element_type=\"column\" data-e-type=\"column\" data-settings=\"{&quot;animation&quot;:&quot;fadeIn&quot;,&quot;animation_delay&quot;:200}\">\n\t\t\t<div class=\"elementor-widget-wrap elementor-element-populated\">\n\t\t\t\t\t\t<div class=\"elementor-element elementor-element-09b701b elementor-widget elementor-widget-heading\" data-id=\"09b701b\" data-element_type=\"widget\" data-e-type=\"widget\" data-widget_type=\"heading.default\">\n\t\t\t\t<div class=\"elementor-widget-container\">\n\t\t\t\t\t<h2 class=\"elementor-heading-title elementor-size-default\">Conf\u00eda en Digesco para tu reforma de cocinas en Sant Cugat del Vall\u00e8s<\/h2>\t\t\t\t<\/div>\n\t\t\t\t<\/div>\n\t\t\t\t<div class=\"elementor-element elementor-element-fb89779 elementor-widget elementor-widget-text-editor\" data-id=\"fb89779\" data-element_type=\"widget\" data-e-type=\"widget\" data-widget_type=\"text-editor.default\">\n\t\t\t\t<div class=\"elementor-widget-container\">\n\t\t\t\t\t\t\t\t\t<p data-start=\"4586\" data-end=\"5048\">Elegir Digesco significa apostar por experiencia, profesionalidad y resultados duraderos. Cada <strong data-start=\"4681\" data-end=\"4728\">reforma de cocinas en Sant Cugat del Vall\u00e8s<\/strong> est\u00e1 dise\u00f1ada para mejorar la funcionalidad y est\u00e9tica de tu hogar, aumentando su confort y valor. Nos comprometemos a cumplir plazos, respetar el presupuesto y cuidar cada detalle del proyecto. Si quieres renovar tu cocina y convertirla en un espacio moderno, c\u00f3modo y elegante, estamos listos para hacerlo realidad.<\/p>\t\t\t\t\t\t\t\t<\/div>\n\t\t\t\t<\/div>\n\t\t\t\t<div class=\"elementor-element elementor-element-837d356 elementor-align-center elementor-widget elementor-widget-button\" data-id=\"837d356\" data-element_type=\"widget\" data-e-type=\"widget\" data-widget_type=\"button.default\">\n\t\t\t\t<div class=\"elementor-widget-container\">\n\t\t\t\t\t\t\t\t\t<div class=\"elementor-button-wrapper\">\n\t\t\t\t\t<a class=\"elementor-button elementor-button-link elementor-size-sm\" href=\"https:\/\/digesco.com\/es\/contacto\/\">\n\t\t\t\t\t\t<span class=\"elementor-button-content-wrapper\">\n\t\t\t\t\t\t\t\t\t<span class=\"elementor-button-text\">quiero recibir asesoramiento gratuito<\/span>\n\t\t\t\t\t<\/span>\n\t\t\t\t\t<\/a>\n\t\t\t\t<\/div>\n\t\t\t\t\t\t\t\t<\/div>\n\t\t\t\t<\/div>\n\t\t\t\t\t<\/div>\n\t\t<\/div>\n\t\t\t\t\t<\/div>\n\t\t<\/section>\n\t\t\t\t<\/div>","protected":false},"excerpt":{"rendered":"<p>Reforma de cocinas en Sant Cugat del Vall\u00e8s: calidad, dise\u00f1o y funcionalidad con Digesco En Digesco somos especialistas en construcci\u00f3n y reformas integrales, ofreciendo soluciones personalizadas para cada cliente. Si est\u00e1s pensando en realizar una reforma de cocinas en Sant Cugat del Vall\u00e8s, contamos con un equipo profesional con amplia experiencia en el sector. Sabemos&hellip;&nbsp;<a href=\"https:\/\/digesco.com\/es\/reforma-de-cocinas-en-sant-cugat-del-valles\/\" rel=\"bookmark\"><span class=\"screen-reader-text\">Reforma de cocinas en Sant Cugat del Vall\u00e8s<\/span><\/a><\/p>","protected":false},"author":3,"featured_media":0,"parent":0,"menu_order":0,"comment_status":"closed","ping_status":"closed","template":"page-templates\/template-pagebuilder-full-width.php","meta":{"neve_meta_sidebar":"","neve_meta_container":"","neve_meta_enable_content_width":"off","neve_meta_content_width":100,"neve_meta_title_alignment":"","neve_meta_author_avatar":"","neve_post_elements_order":"","neve_meta_disable_header":"","neve_meta_disable_footer":"","neve_meta_disable_title":"","_joinchat":[],"footnotes":""},"class_list":["post-1432","page","type-page","status-publish","hentry"],"yoast_head":"<!-- This site is optimized with the Yoast SEO plugin v26.9 - https:\/\/yoast.com\/product\/yoast-seo-wordpress\/ -->\n<title>Reforma de cocinas en Sant Cugat del Vall\u00e8s - Digesco | Empresa de Reformas<\/title>\n<meta name=\"description\" content=\"Especialistas en reforma de cocinas en Sant Cugat del Vall\u00e8s, dise\u00f1o personalizado, materiales de calidad y resultados duraderos garantizados.\" \/>\n<meta name=\"robots\" content=\"index, follow, max-snippet:-1, max-image-preview:large, max-video-preview:-1\" \/>\n<link rel=\"canonical\" href=\"https:\/\/digesco.com\/es\/reforma-de-cocinas-en-sant-cugat-del-valles\/\" \/>\n<meta property=\"og:locale\" content=\"es_ES\" \/>\n<meta property=\"og:type\" content=\"article\" \/>\n<meta property=\"og:title\" content=\"Reforma de cocinas en Sant Cugat del Vall\u00e8s - Digesco | Empresa de Reformas\" \/>\n<meta property=\"og:description\" content=\"Especialistas en reforma de cocinas en Sant Cugat del Vall\u00e8s, dise\u00f1o personalizado, materiales de calidad y resultados duraderos garantizados.\" \/>\n<meta property=\"og:url\" content=\"https:\/\/digesco.com\/es\/reforma-de-cocinas-en-sant-cugat-del-valles\/\" \/>\n<meta property=\"og:site_name\" content=\"Digesco | Empresa de Reformas\" \/>\n<meta property=\"article:modified_time\" content=\"2026-03-04T07:59:22+00:00\" \/>\n<meta property=\"og:image\" content=\"https:\/\/digesco.com\/wp-content\/uploads\/2026\/01\/reformas-integrales-en-Barcelona-2.png\" \/>\n\t<meta property=\"og:image:width\" content=\"1200\" \/>\n\t<meta property=\"og:image:height\" content=\"750\" \/>\n\t<meta property=\"og:image:type\" content=\"image\/png\" \/>\n<meta name=\"twitter:card\" content=\"summary_large_image\" \/>\n<meta name=\"twitter:label1\" content=\"Tiempo de lectura\" \/>\n\t<meta name=\"twitter:data1\" content=\"4 minutos\" \/>\n<script type=\"application\/ld+json\" class=\"yoast-schema-graph\">{\"@context\":\"https:\/\/schema.org\",\"@graph\":[{\"@type\":\"WebPage\",\"@id\":\"https:\/\/digesco.com\/es\/reforma-de-cocinas-en-sant-cugat-del-valles\/\",\"url\":\"https:\/\/digesco.com\/es\/reforma-de-cocinas-en-sant-cugat-del-valles\/\",\"name\":\"Reforma de cocinas en Sant Cugat del Vall\u00e8s - Digesco | Empresa de Reformas\",\"isPartOf\":{\"@id\":\"https:\/\/digesco.com\/es\/#website\"},\"primaryImageOfPage\":{\"@id\":\"https:\/\/digesco.com\/es\/reforma-de-cocinas-en-sant-cugat-del-valles\/#primaryimage\"},\"image\":{\"@id\":\"https:\/\/digesco.com\/es\/reforma-de-cocinas-en-sant-cugat-del-valles\/#primaryimage\"},\"thumbnailUrl\":\"https:\/\/digesco.com\/wp-content\/uploads\/2026\/01\/reformas-integrales-en-Barcelona-2.png\",\"datePublished\":\"2026-03-04T07:56:58+00:00\",\"dateModified\":\"2026-03-04T07:59:22+00:00\",\"description\":\"Especialistas en reforma de cocinas en Sant Cugat del Vall\u00e8s, dise\u00f1o personalizado, materiales de calidad y resultados duraderos garantizados.\",\"breadcrumb\":{\"@id\":\"https:\/\/digesco.com\/es\/reforma-de-cocinas-en-sant-cugat-del-valles\/#breadcrumb\"},\"inLanguage\":\"es\",\"potentialAction\":[{\"@type\":\"ReadAction\",\"target\":[\"https:\/\/digesco.com\/es\/reforma-de-cocinas-en-sant-cugat-del-valles\/\"]}]},{\"@type\":\"ImageObject\",\"inLanguage\":\"es\",\"@id\":\"https:\/\/digesco.com\/es\/reforma-de-cocinas-en-sant-cugat-del-valles\/#primaryimage\",\"url\":\"https:\/\/digesco.com\/wp-content\/uploads\/2026\/01\/reformas-integrales-en-Barcelona-2.png\",\"contentUrl\":\"https:\/\/digesco.com\/wp-content\/uploads\/2026\/01\/reformas-integrales-en-Barcelona-2.png\"},{\"@type\":\"BreadcrumbList\",\"@id\":\"https:\/\/digesco.com\/es\/reforma-de-cocinas-en-sant-cugat-del-valles\/#breadcrumb\",\"itemListElement\":[{\"@type\":\"ListItem\",\"position\":1,\"name\":\"Portada\",\"item\":\"https:\/\/digesco.com\/es\/\"},{\"@type\":\"ListItem\",\"position\":2,\"name\":\"Reforma de cocinas en Sant Cugat del Vall\u00e8s\"}]},{\"@type\":\"WebSite\",\"@id\":\"https:\/\/digesco.com\/es\/#website\",\"url\":\"https:\/\/digesco.com\/es\/\",\"name\":\"Digesco | Empresa de Reformas\",\"description\":\"Empresa especializada y dedicada al mundo de la construcci\u00f3n, con trabajos tanto en el \u00e1mbito p\u00fablico como privado. En digesco ofrecemos un servicio integral para la construcci\u00f3n\",\"potentialAction\":[{\"@type\":\"SearchAction\",\"target\":{\"@type\":\"EntryPoint\",\"urlTemplate\":\"https:\/\/digesco.com\/es\/?s={search_term_string}\"},\"query-input\":{\"@type\":\"PropertyValueSpecification\",\"valueRequired\":true,\"valueName\":\"search_term_string\"}}],\"inLanguage\":\"es\"}]}<\/script>\n<!-- \/ Yoast SEO plugin. -->","yoast_head_json":{"title":"Reforma de cocinas en Sant Cugat del Vall\u00e8s - Digesco | Empresa de Reformas","description":"Especialistas en reforma de cocinas en Sant Cugat del Vall\u00e8s, dise\u00f1o personalizado, materiales de calidad y resultados duraderos garantizados.","robots":{"index":"index","follow":"follow","max-snippet":"max-snippet:-1","max-image-preview":"max-image-preview:large","max-video-preview":"max-video-preview:-1"},"canonical":"https:\/\/digesco.com\/es\/reforma-de-cocinas-en-sant-cugat-del-valles\/","og_locale":"es_ES","og_type":"article","og_title":"Reforma de cocinas en Sant Cugat del Vall\u00e8s - Digesco | Empresa de Reformas","og_description":"Especialistas en reforma de cocinas en Sant Cugat del Vall\u00e8s, dise\u00f1o personalizado, materiales de calidad y resultados duraderos garantizados.","og_url":"https:\/\/digesco.com\/es\/reforma-de-cocinas-en-sant-cugat-del-valles\/","og_site_name":"Digesco | Empresa de Reformas","article_modified_time":"2026-03-04T07:59:22+00:00","og_image":[{"width":1200,"height":750,"url":"https:\/\/digesco.com\/wp-content\/uploads\/2026\/01\/reformas-integrales-en-Barcelona-2.png","type":"image\/png"}],"twitter_card":"summary_large_image","twitter_misc":{"Tiempo de lectura":"4 minutos"},"schema":{"@context":"https:\/\/schema.org","@graph":[{"@type":"WebPage","@id":"https:\/\/digesco.com\/es\/reforma-de-cocinas-en-sant-cugat-del-valles\/","url":"https:\/\/digesco.com\/es\/reforma-de-cocinas-en-sant-cugat-del-valles\/","name":"Reforma de cocinas en Sant Cugat del Vall\u00e8s - Digesco | Empresa de Reformas","isPartOf":{"@id":"https:\/\/digesco.com\/es\/#website"},"primaryImageOfPage":{"@id":"https:\/\/digesco.com\/es\/reforma-de-cocinas-en-sant-cugat-del-valles\/#primaryimage"},"image":{"@id":"https:\/\/digesco.com\/es\/reforma-de-cocinas-en-sant-cugat-del-valles\/#primaryimage"},"thumbnailUrl":"https:\/\/digesco.com\/wp-content\/uploads\/2026\/01\/reformas-integrales-en-Barcelona-2.png","datePublished":"2026-03-04T07:56:58+00:00","dateModified":"2026-03-04T07:59:22+00:00","description":"Especialistas en reforma de cocinas en Sant Cugat del Vall\u00e8s, dise\u00f1o personalizado, materiales de calidad y resultados duraderos garantizados.","breadcrumb":{"@id":"https:\/\/digesco.com\/es\/reforma-de-cocinas-en-sant-cugat-del-valles\/#breadcrumb"},"inLanguage":"es","potentialAction":[{"@type":"ReadAction","target":["https:\/\/digesco.com\/es\/reforma-de-cocinas-en-sant-cugat-del-valles\/"]}]},{"@type":"ImageObject","inLanguage":"es","@id":"https:\/\/digesco.com\/es\/reforma-de-cocinas-en-sant-cugat-del-valles\/#primaryimage","url":"https:\/\/digesco.com\/wp-content\/uploads\/2026\/01\/reformas-integrales-en-Barcelona-2.png","contentUrl":"https:\/\/digesco.com\/wp-content\/uploads\/2026\/01\/reformas-integrales-en-Barcelona-2.png"},{"@type":"BreadcrumbList","@id":"https:\/\/digesco.com\/es\/reforma-de-cocinas-en-sant-cugat-del-valles\/#breadcrumb","itemListElement":[{"@type":"ListItem","position":1,"name":"Portada","item":"https:\/\/digesco.com\/es\/"},{"@type":"ListItem","position":2,"name":"Reforma de cocinas en Sant Cugat del Vall\u00e8s"}]},{"@type":"WebSite","@id":"https:\/\/digesco.com\/es\/#website","url":"https:\/\/digesco.com\/es\/","name":"Digesco | Empresa de Reformas","description":"Empresa especializada y dedicada al mundo de la construcci\u00f3n, con trabajos tanto en el \u00e1mbito p\u00fablico como privado. En digesco ofrecemos un servicio integral para la construcci\u00f3n","potentialAction":[{"@type":"SearchAction","target":{"@type":"EntryPoint","urlTemplate":"https:\/\/digesco.com\/es\/?s={search_term_string}"},"query-input":{"@type":"PropertyValueSpecification","valueRequired":true,"valueName":"search_term_string"}}],"inLanguage":"es"}]}},"_links":{"self":[{"href":"https:\/\/digesco.com\/es\/wp-json\/wp\/v2\/pages\/1432","targetHints":{"allow":["GET"]}}],"collection":[{"href":"https:\/\/digesco.com\/es\/wp-json\/wp\/v2\/pages"}],"about":[{"href":"https:\/\/digesco.com\/es\/wp-json\/wp\/v2\/types\/page"}],"author":[{"embeddable":true,"href":"https:\/\/digesco.com\/es\/wp-json\/wp\/v2\/users\/3"}],"replies":[{"embeddable":true,"href":"https:\/\/digesco.com\/es\/wp-json\/wp\/v2\/comments?post=1432"}],"version-history":[{"count":4,"href":"https:\/\/digesco.com\/es\/wp-json\/wp\/v2\/pages\/1432\/revisions"}],"predecessor-version":[{"id":1436,"href":"https:\/\/digesco.com\/es\/wp-json\/wp\/v2\/pages\/1432\/revisions\/1436"}],"wp:attachment":[{"href":"https:\/\/digesco.com\/es\/wp-json\/wp\/v2\/media?parent=1432"}],"curies":[{"name":"wp","href":"https:\/\/api.w.org\/{rel}","templated":true}]}}